{"id":5116,"date":"2021-02-17T17:28:39","date_gmt":"2021-02-17T16:28:39","guid":{"rendered":"https:\/\/levillagebalinais.com\/?page_id=5116"},"modified":"2026-03-05T16:18:14","modified_gmt":"2026-03-05T15:18:14","slug":"reflexologie-palmaire","status":"publish","type":"page","link":"https:\/\/levillagebalinais.com\/index.php\/ecole-massage\/reflexologie-palmaire\/","title":{"rendered":"R\u00e9flexologie palmaire"},"content":{"rendered":"<div  class=\"one withsmallpadding ppb_text\" style=\"padding-bottom:0px !important;text-align:center;padding:60px 0 60px 0;\" >\n<div class=\"standard_wrapper\">\n<div class=\"page_content_wrapper wide\">\n<div class=\"inner\">\n<div style=\"margin:auto;width:100%\">\n<h1>R\u00e9flexologie Palmaire Balinaise<\/h1>\n<\/div>\n<\/div>\n<\/div>\n<\/div>\n<\/div>\n<div class=\"standard_wrapper\">\n<div class=\"one withsmallpadding ppb_line_divider\"  style=\"text-align:center;padding:0px 0 0px 0;\" >\n<div class=\"page_content_wrapper wide\">\n<div class=\"inner\">\n<div class=\"line_divider_border\" style=\"width:100px;border-color:#e1e1e1;\"><\/div>\n<div class=\"line_divider_seperator\"><i class=\"fa fa-leaf\" style=\"color:#efa697;\"><\/i><\/div>\n<div class=\"line_divider_border\" style=\"width:100px;border-color:#e1e1e1;\"><\/div>\n<\/div>\n<\/div>\n<\/div>\n<\/div>\n<div  class=\"one withsmallpadding ppb_text\" style=\"padding-bottom:0px !important;text-align:center;padding:60px 0 60px 0;\" >\n<div class=\"standard_wrapper\">\n<div class=\"page_content_wrapper wide\">\n<div class=\"inner\">\n<div style=\"margin:auto;width:100%\">\n<p>Install\u00e9 confortablement dans un fauteuil ou allong\u00e9 sur table de massage en combinaison avec la r\u00e9flexologie plantaire, d\u00e9couvrez ce traitement qui d\u00e9lassera en profondeur les mains mais aussi dos et les bras.<\/p>\n<p>Notre formation s\u2019inscrit pleinement dans le bien-\u00eatre et met l\u2019accent sur l\u2019usage des techniques r\u00e9flexes balinaises pour leurs effets de d\u00e9contraction profonde de la main, du bras et global.<br \/>\nElle aborde les projections et laisse de c\u00f4t\u00e9 la conception th\u00e9orique de l\u2019\u00e9nerg\u00e9tique chinoise appliqu\u00e9e \u00e0 la r\u00e9flexologie<\/p>\n<p>A l\u2019issue de la formation, vous pourrez animer une s\u00e9ance de r\u00e9flexologie palmaire balinaise sur les mains et les bras d\u2019une dur\u00e9e de 40 mn.<\/p>\n<\/div>\n<\/div>\n<\/div>\n<\/div>\n<\/div>\n<div  class=\"one withsmallpadding ppb_header parallax withbg \" style=\"background-image:url(https:\/\/levillagebalinais.com\/wp-content\/uploads\/2021\/02\/5-SALLE-VILLAGE-BALINAIS-scaled.jpg);background-position: center top;text-align:center;padding:250px 0 250px 0;color:#ffffff;\" >\n<div class=\"overlay_background\" style=\"background:#000000;background:rgb(0,0,0,0.3);background:rgba(0,0,0,0.3);\"><\/div>\n<div class=\"standard_wrapper\">\n<div class=\"page_content_wrapper wide\">\n<div class=\"inner\">\n<div style=\"margin:auto;width:100%\">\n<h2 class=\"ppb_title\" style=\"color:#ffffff;\">Informations<\/h2>\n<\/div>\n<\/div>\n<\/div>\n<\/div>\n<\/div>\n<div  class=\"one withsmallpadding ppb_text\" style=\"padding-bottom:0px !important;text-align:left;padding:60px 0 60px 0;\" >\n<div class=\"standard_wrapper\">\n<div class=\"page_content_wrapper wide\">\n<div class=\"inner\">\n<div style=\"margin:auto;width:100%\">\n<div class=\"pp_accordion_close has_icon\">\n<h3><a href=\"#\">Bienfaits <\/a><\/h3>\n<div>\n<ul>\n<li> Am\u00e9liore la fluidit\u00e9 du mouvement de l\u2019\u00e9paule<\/li>\n<li> Soulage fatigue et tensions dans les mains<\/li>\n<li> R\u00e9conforte, apaise, s\u00e9curise, sensualise<\/li>\n<li> Am\u00e9liore la m\u00e9ditation, l\u2019activit\u00e9 onirique<\/li>\n<\/ul>\n<\/div>\n<\/div>\n<div class=\"pp_accordion_close has_icon\">\n<h3><a href=\"#\">Les pr\u00e9requis<\/a><\/h3>\n<div>\n<ul>\n<li> Aucun <\/li>\n<li>  Nos recommandations : Pour les esth\u00e9ticiennes, Infirmi\u00e8res, praticiennse de bien-\u00eatre, \u00eatre engag\u00e9 dans une pratique r\u00e9guli\u00e8re des massages de bien-\u00eatre.<\/li>\n<\/ul>\n<\/div>\n<\/div>\n<div class=\"pp_accordion_close has_icon\">\n<h3><a href=\"#\">Nos priorit\u00e9s et objectifs p\u00e9dagogiques<\/a><\/h3>\n<div>\n<p>\nD\u00e9velopper vos comp\u00e9tences de massages par une r\u00e9elle transmission orientale, indon\u00e9sienne, balino-javanaise orale dans une ambiance d\u2019exigence bienveillante et chaleureuse.<br \/>\n D\u00e9velopper vos comp\u00e9tences cabine par le retour \u00e0 l\u2019esprit balinais du massage traditionnel en cabine en s\u2019appuyant sur l\u2019apport occidentale de la subjectivit\u00e9, la r\u00e9f\u00e9rence \u00e0 l\u2019ost\u00e9opathie, la psychosomatique et et de l\u2019organisationnel. <\/p>\n<p>Pour : \t<\/p>\n<li> d\u00e9velopper l\u2019accueil et<br \/>\nl\u2019\u00e9coute du corporel <\/li>\n<li> d\u00e9velopper la communication tactile <\/li>\n<li> d\u00e9velopper la relation psycho-corporelle  apaisante<\/li>\n<li> vous permettre de formuler une offre de cure de bien-\u00eatre personnalis\u00e9e et adapt\u00e9e aux besoins et attentes de bien-\u00eatre de votre client\u00e8le <\/li>\n<p>Et ainsi offrir \u00e0 vos clients une meilleure qualit\u00e9 et durabilit\u00e9 du bien-\u00eatre.\n <\/ul>\n<\/p>\n<\/div>\n<\/div>\n<div class=\"pp_accordion_close has_icon\">\n<h3><a href=\"#\">Comp\u00e9tences  cabine<\/a><\/h3>\n<div>\n<p>\n<strong> A l\u2019issue de la formation, vous pourrez animer une s\u00e9ance de r\u00e9flexologie palmaire balinaise sur les mains et les bras d\u2019une dur\u00e9e de 40 mn. <\/strong> <\/p>\n<ul>\n<li> D\u00e9velopper votre technicit\u00e9 : <\/li>\n<p>Vous apprendrez les man\u0153uvres techniques sp\u00e9cifiques : \u00e9tirements, pressions circulaires, frictions, lissages, mobilisation articulaire.<br \/>\nVous apprendrez \u00e0 r\u00e9aliser un protocole complet de r\u00e9flexologie plantaire balinaise<br \/>\nVous apprendrez \u00e0 travailler avec pr\u00e9cision, d\u00e9licatesse, douceur et puissante sur la main, les bras et le dos. <\/p>\n<p>><\/p>\n<li> D\u00e9velopper vos connaissances th\u00e9oriques : <\/li>\n<p>Initiation \u00e0 l\u2019identification des principales zones r\u00e9flexes de la main <\/ul>\n<\/p>\n<\/div>\n<\/div>\n<div class=\"pp_accordion_close has_icon\">\n<h3><a href=\"#\">R\u00e9sultats<\/a><\/h3>\n<div>\n<ul>\n<li><em><a href=\"https:\/\/levillagebalinais.com\/index.php\/ecole-massage\/certification-qualiopi\/\">Certification Qualiopi depuis 2021<\/a> :<strong>oui<\/strong> <\/em><\/li>\n<li><em><strong>Nombre total de stagiaires au Village Balinais depuis 2021 : 129; form\u00e9s \u00e0 la R\u00e9flexologie Palmaire Balinaise depuis 2021: 13  en 2023 : 3 <\/li>\n<p><\/em><\/strong><\/p>\n<li><em><strong>Taux d\u2019excellence(1) 2023   concernant la p\u00e9dagogie de l\u2019enseignante mise en \u0153uvre durant la formation \u00e0 la R\u00e9flexologie Palmaire Balinaise : 100%, \u00e9valuation globale : 100%<\/li>\n<p><\/em><\/strong><\/p>\n<li><em><strong> Auto-\u00e9valuation 2023 de la progression avant\/apr\u00e8s du niveau de comp\u00e9tences professionnelles acquises en % sur ce massage \u00e0 l\u2019issue de la formation : Avant : 10% Apr\u00e8s : 77%, Progression des comp\u00e9tences : 67%  <\/li>\n<p><\/em><\/strong><\/p>\n<li><em><strong> Taux d\u2019excellence (1) : % de stagiaires ayant r\u00e9pondu tr\u00e8s satisfaits\n <\/li>\n<p><\/em><\/strong><\/p>\n<li><em><strong>Note d\u2019efficacit\u00e9 d\u00e9tente en cabine 2021 de ce massage ( 6 stagiaires) : 19,2\/20 <\/li>\n<p><\/em><\/strong><em>Etude 2022 sur l\u2019effectif form\u00e9 au Village Balinais par Ruth Indiathi en 2021 de la perception par les professionnels de l\u2019efficacit\u00e9 de la d\u00e9tente g\u00e9n\u00e9r\u00e9e par les s\u00e9ances de R\u00e9flexologie Palmaire Balinaise sur leurs clients dans leurs cadres d\u2019exercice professionnel. <\/em><br \/>\n<em>Nous obtenons depuis 2021 100% de satisfaction ( somme des satisfaits et tr\u00e8s satisfaits) sur l\u2019ensemble des crit\u00e8res \u00e9valu\u00e9s concernant le processus de formation pour ce protocole. Items \u00e9valu\u00e9s : \u00e9valuation globale ; pr\u00e9paration ; hygi\u00e8ne, confort et localisation du VB ; mat\u00e9riel mis \u00e0 disposition ;  dur\u00e9e ;  support p\u00e9dagogique ; p\u00e9dagogie d\u2019apprentissage ; mise en confiance et progression dans les comp\u00e9tences ; suivi administratif ;  recommandation<\/em>\n<\/ul>\n<\/p>\n<\/div>\n<\/div>\n<div class=\"pp_accordion_close has_icon\">\n<h3><a href=\"#\">Informations pratiques<\/a><\/h3>\n<div>\n<ul>\n<li> <strong>Le type de massage \u00e0 pr\u00e9parer :<\/strong> Habill\u00e9 confortablement dans un fauteuil ou en combinaison de soin allong\u00e9 sur table de massage<\/li>\n<li> <strong>Dur\u00e9e de la mobilisation cabine : <\/strong>:40 mn  <\/li>\n<li> <strong>Am\u00e9nagement&#038;Equipement cabine : <\/strong>: Fauteuil confortable ou table de massage chauffante   <\/li>\n<\/ul>\n<ul>\n<li> <strong>Horaires :<\/strong> 9h-13h ; 14h-18h <\/li>\n<li> <strong>Dur\u00e9e : <\/strong> Un jour, 8h\/j, 8h  <\/li>\n<li><strong>Lieu : <\/strong> 9 rue de la fontaine au roi, 75011 Paris<\/li>\n<\/ul>\n<ul>\n<li> <strong>Enseignante : <\/strong> Ruth Indiathi <\/li>\n<\/ul>\n<p><strong>Mat\u00e9riel \u00e0 apporter avec soi :<\/strong><\/p>\n<ul>\n<li>Un par\u00e9o et un maillot de bain,  une tenue confortable<\/li>\n<li>1 serviette moyenne <\/li>\n<li>Un lutin de 20 pages et un stylo<\/li>\n<li>Porter des habits confortables durant la formation.<\/li>\n<li>Masque sanitaire (chirurgical)<\/li>\n<li>Une paire de chaussette\/jour<\/li>\n<\/ul>\n<p><strong>Moyens P\u00e9dagogiques mis \u00e0 disposition des stagiaires :<\/strong> <\/p>\n<ul>\n<li><em>Studio priv\u00e9 du massage balinais<\/em> : salle chauff\u00e9e, tr\u00e8s confortable, lumineuse, \u00e9quip\u00e9e en table de massage et tatami d\u00e9di\u00e9 au bien-\u00eatre indon\u00e9sien<\/li>\n<li><em>Support de formation<\/em> : protocole photos d\u00e9taill\u00e9s des man\u0153uvres et enchainements<\/li>\n<li><em>Le mat\u00e9riel <\/em>:huiles v\u00e9g\u00e9tales \u00e0 disposition, aromath\u00e9rapie balinaise, mat\u00e9riel pour le massage du visage<\/li>\n<li>Durant la formation, le formateur utilise les outils du num\u00e9rique pour visualiser des structures anatomiques (squelette, muscles, syst\u00e8mes) et les mouvements dans lesquels ils sont impliqu\u00e9s si besoin. Il propose des exercices d\u2019application.  <\/li>\n<\/ul>\n<p><strong>Tarif :<\/strong><\/p>\n<ul>\n<li><strong>Professionnel<\/strong> ( avec ou sans prise en charge) : 30\u20ac\/h, 8h soit 240\u20ac<\/li>\n<\/ul>\n<li><strong>Particulier<\/strong> (pratique familiale, priv\u00e9e, non professionnelle) : 22,50\u20ac\/h, 8h soit 180 \u20ac<\/li>\n<\/ul>\n<p><strong> D\u00e9lais d\u2019acc\u00e8s :<\/strong><\/p>\n<ul><em><br \/>\nNos stagiaires peuvent s\u2019inscrire selon les dates disponibles \u00e0 l\u2019inscription sur le site internet page \u00e9cole puis Calendrier. Les dates peuvent changer merci, de v\u00e9rifier r\u00e9guli\u00e8rement.<br \/>\nD\u00e8s la premi\u00e8re inscription valid\u00e9e (devis sign\u00e9 et ahrres vers\u00e9s), la formation sera r\u00e9alis\u00e9e. ( Nous sommes \u00e0 vos c\u00f4t\u00e9s, engag\u00e9s, pas d\u2019annulation de derni\u00e8re minute dans ce cas).<br \/>\nAu plus tard, le stagiaire peut s\u2019inscrire 48 heures avant le d\u00e9but de la formation, si la formation est en ligne et selon les places restantes. <\/em><\/ul>\n<p><strong>  Modalit\u00e9 d\u2019Inscription :<\/strong><\/p>\n<ul><em><br \/>\n1.\tFinaliser l\u2019inscription, garantir la place dans le groupe, b\u00e9n\u00e9ficier des engagements du Village Balinais.<br \/>\na.\tDevis \u00e0 retourner dat\u00e9, sign\u00e9, tamponn\u00e9 par retour de mail ( scan ou photo)<br \/>\nb.\tVirement d\u2019acompte de 60\u20ac\/j soit 60 \u20ac<br \/>\n2.\tLe Premier jour du stage<br \/>\na.\t Versement du solde<\/em><\/ul>\n<\/p>\n<\/div>\n<\/div>\n<div class=\"pp_accordion_close has_icon\">\n<h3><a href=\"#\">Situation de Handicaps<\/a><\/h3>\n<div>\n<p>\nAccessibilit\u00e9 en situation de handicaps : acc\u00e8s et \u00e9quipement non adapt\u00e9s : merci de nous contacter pour \u00e9valuer comment nous pouvons vous aider dans la mesure de nos moyens et v\u00e9rifier avec vous l\u2019adaptabilit\u00e9 de notre offre de formation \u00e0 vos besoins sp\u00e9cifiques. <\/p>\n<\/div>\n<\/div>\n<\/div>\n<\/div>\n<\/div>\n<\/div>\n<\/div>\n<div  class=\"one withsmallpadding ppb_header parallax withbg \" style=\"background-image:url(https:\/\/levillagebalinais.com\/wp-content\/uploads\/2020\/11\/1C-TEAM-MASSAGE-BALI-scaled.jpg);background-position: center top;text-align:center;padding:250px 0 250px 0;color:#ffffff;\" >\n<div class=\"overlay_background\" style=\"background:#000000;background:rgb(0,0,0,0.3);background:rgba(0,0,0,0.3);\"><\/div>\n<div class=\"standard_wrapper\">\n<div class=\"page_content_wrapper wide\">\n<div class=\"inner\">\n<div style=\"margin:auto;width:100%\">\n<h2 class=\"ppb_title\" style=\"color:#ffffff;\">D\u00e9roulement de la formation<\/h2>\n<\/div>\n<\/div>\n<\/div>\n<\/div>\n<\/div>\n<div  class=\"one withsmallpadding ppb_text\" style=\"padding-bottom:0px !important;text-align:left;padding:60px 0 60px 0;\" >\n<div class=\"standard_wrapper\">\n<div class=\"page_content_wrapper wide\">\n<div class=\"inner\">\n<div style=\"margin:auto;width:100%\">\n<h1><center>D\u00e9roulement de la formation : <\/center><\/h1>\n<p>\u00a0<\/p>\n<div class=\"pp_accordion_close has_icon\">\n<h3><a href=\"#\">1er Jour<\/a><\/h3>\n<div>\n<p>\u00a0<\/p>\n<ul>\n<li><strong>9h \u00e0 9h30 :<\/strong> Accueil, pr\u00e9sentation des \u00e9l\u00e8ves et points cl\u00e9s du programme. <\/li>\n<li><strong>9h30 \u00e0 10h : <\/strong>\u00a0 Energie du praticien\u00a0: exercices de d\u00e9tente, relaxation et centration inspir\u00e9 par le Yoga <\/li>\n<li><strong>10h \u00e0 11h :<\/strong>\u00a0 Apport th\u00e9orique de r\u00e9flexologie palmaire : le sch\u00e9ma des projections des organes<\/li>\n<li><strong>11h \u00e0 13h:<\/strong> D\u00e9monstration des techniques sur les bras et avant-bras :\u00a0 vibrations, \u00e9tirement, mobilisation articulaire, frictions et lissages.<\/li>\n<li><strong>13h \u00e0 14h :<\/strong>Pause D\u00e9jeuner<\/center><\/li>\n<p>\u00a0<\/p>\n<li><strong>14h \u00e0 16h :<\/strong> Travail sur les points de r\u00e9flexologie de la main : digitopressions circulaires, pressions gliss\u00e9es, \u00e9tirements<\/li>\n<li><strong>16h \u00e0 18h :<\/strong> <em>R\u00e9p\u00e9tition du protocole dans sa globalit\u00e9.<\/em>\n<p><em>La seconde moiti\u00e9 de l\u2019apr\u00e8s-midi sera consacr\u00e9e \u00e0 la supervision du travail des \u00e9l\u00e8ves afin de les aider \u00e0 consolider et perfectionner leur maitrise de la R\u00e9flexologie Palmaire Balinaise dans sa globalit\u00e9 et de leur permettre de perfectionner leurs rapports aux techniques sp\u00e9cifiques en fonction des besoins des clients<\/em>.<\/p>\n<p><em>Cette r\u00e9p\u00e9tition d\u2019un protocole de synth\u00e8se donne lieu \u00e0 une \u00e9valuation selon les crit\u00e8res du Village Balinais<\/em><\/li>\n<\/ul>\n<\/div>\n<\/div>\n<\/div>\n<\/div>\n<\/div>\n<\/div>\n<\/div>\n<div  class=\"one withsmallpadding ppb_header parallax withbg \" style=\"background-image:url(https:\/\/levillagebalinais.com\/wp-content\/uploads\/2021\/02\/6IMG-20201130-WA0029.jpg);background-position: center top;text-align:center;padding:250px 0 250px 0;color:#ffffff;\" >\n<div class=\"overlay_background\" style=\"background:#000000;background:rgb(0,0,0,0.3);background:rgba(0,0,0,0.3);\"><\/div>\n<div class=\"standard_wrapper\">\n<div class=\"page_content_wrapper wide\">\n<div class=\"inner\">\n<div style=\"margin:auto;width:100%\">\n<h2 class=\"ppb_title\" style=\"color:#ffffff;\">Nous contacter<\/h2>\n<\/div>\n<\/div>\n<\/div>\n<\/div>\n<\/div>\n<div class=\"standard_wrapper\">\n<div  class=\"ppb_contact_sidebar one withsmallpadding\" style=\"padding:40px 0 40px 0;\" >\n<div class=\"page_content_wrapper wide\">\n<div class=\"inner\">\n<div class=\"inner_wrapper\">\n<div class=\"sidebar_content \">\n<h2 class=\"ppb_title\">Contact<\/h2>\n<div class=\"contact_form7_wrapper\">\n<div class=\"wpcf7 no-js\" id=\"wpcf7-f5-o1\" lang=\"en-US\" dir=\"ltr\" data-wpcf7-id=\"5\">\n<div class=\"screen-reader-response\">\n<p role=\"status\" aria-live=\"polite\" aria-atomic=\"true\">\n<ul><\/ul>\n<\/div>\n<form action=\"\/wp-admin\/post.php#wpcf7-f5-o1\" method=\"post\" class=\"wpcf7-form init\" aria-label=\"Contact form\" novalidate=\"novalidate\" data-status=\"init\">\n<fieldset class=\"hidden-fields-container\"><input type=\"hidden\" name=\"_wpcf7\" value=\"5\" \/><input type=\"hidden\" name=\"_wpcf7_version\" value=\"6.1.5\" \/><input type=\"hidden\" name=\"_wpcf7_locale\" value=\"en_US\" \/><input type=\"hidden\" name=\"_wpcf7_unit_tag\" value=\"wpcf7-f5-o1\" \/><input type=\"hidden\" name=\"_wpcf7_container_post\" value=\"0\" \/><input type=\"hidden\" name=\"_wpcf7_posted_data_hash\" value=\"\" \/><input type=\"hidden\" name=\"_wpcf7_recaptcha_response\" value=\"\" \/><br \/>\n<\/fieldset>\n<p>\n<span class=\"wpcf7-form-control-wrap\" data-name=\"your-name\"><input size=\"40\" maxlength=\"400\" class=\"wpcf7-form-control wpcf7-text wpcf7-validates-as-required\" aria-required=\"true\" aria-invalid=\"false\" placeholder=\"Nom\/Pr\u00e9nom*\" value=\"\" type=\"text\" name=\"your-name\" \/><\/span>\n<\/p>\n<p>\n<span class=\"wpcf7-form-control-wrap\" data-name=\"your-subject\"><input size=\"40\" maxlength=\"400\" class=\"wpcf7-form-control wpcf7-text wpcf7-validates-as-required\" aria-required=\"true\" aria-invalid=\"false\" placeholder=\"Sujet*\" value=\"\" type=\"text\" name=\"your-subject\" \/><\/span>\n<\/p>\n<p>\n<span class=\"wpcf7-form-control-wrap\" data-name=\"your-email\"><input size=\"40\" maxlength=\"400\" class=\"wpcf7-form-control wpcf7-email wpcf7-validates-as-required wpcf7-text wpcf7-validates-as-email\" aria-required=\"true\" aria-invalid=\"false\" placeholder=\"Adresse Email*\" value=\"\" type=\"email\" name=\"your-email\" \/><\/span>\n<\/p>\n<p>\n<span class=\"wpcf7-form-control-wrap\" data-name=\"your-message\"><textarea cols=\"40\" rows=\"5\" maxlength=\"2000\" class=\"wpcf7-form-control wpcf7-textarea wpcf7-validates-as-required\" aria-required=\"true\" aria-invalid=\"false\" placeholder=\"Votre Message*\" name=\"your-message\"><\/textarea><\/span>\n<\/p>\n<p><input class=\"wpcf7-form-control wpcf7-submit has-spinner\" type=\"submit\" value=\"Envoyer\" \/>\n<\/p>\n<p style=\"display: none !important;\" class=\"akismet-fields-container\" data-prefix=\"_wpcf7_ak_\"><label>&#916;<textarea name=\"_wpcf7_ak_hp_textarea\" cols=\"45\" rows=\"8\" maxlength=\"100\"><\/textarea><\/label><input type=\"hidden\" id=\"ak_js_1\" name=\"_wpcf7_ak_js\" value=\"127\"\/><script>document.getElementById( \"ak_js_1\" ).setAttribute( \"value\", ( new Date() ).getTime() );<\/script><\/p>\n<div class=\"wpcf7-response-output\" aria-hidden=\"true\"><\/div>\n<\/form>\n<\/div>\n<\/div>\n<\/div>\n<div class=\"sidebar_wrapper \">\n<div class=\"sidebar\">\n<div class=\"content\">\n<ul class=\"sidebar_widget\">\n<li id=\"grandspa_recent_posts-2\" class=\"widget grandspa_Recent_Posts\">\n<h2 class=\"widgettitle\"><span>Recent Posts<\/span><\/h2>\n<ul class=\"posts blog withthumb \">\n<li>\n<div class=\"post_circle_thumb\"><a href=\"https:\/\/levillagebalinais.com\/index.php\/2025\/08\/04\/massage-balinais-sensoriel-duo-couple-paris-septembre-octobre-2026\/\"><img decoding=\"async\" src=\"https:\/\/levillagebalinais.com\/wp-content\/uploads\/2023\/12\/Couples_massage-5664x3399-1-600x360-1-150x150.jpg\" alt=\"\" \/><\/a><\/div>\n<p><a href=\"https:\/\/levillagebalinais.com\/index.php\/2025\/08\/04\/massage-balinais-sensoriel-duo-couple-paris-septembre-octobre-2026\/\">MASSAGE BALINAIS SENSORIEL DUO\/COUPLE PARIS SEPTEMBRE OCTOBRE 2025<\/a><\/p>\n<div class=\"post_attribute\">4 ao\u00fbt 2025<\/div>\n<\/li>\n<li>\n<div class=\"post_circle_thumb\"><a href=\"https:\/\/levillagebalinais.com\/index.php\/2025\/07\/27\/calendrier-formation-sept-a-dec-2025-village-balinais-paris\/\"><img decoding=\"async\" src=\"https:\/\/levillagebalinais.com\/wp-content\/uploads\/2021\/02\/logo-Village-Balinais-Formation-150x150.png\" alt=\"\" \/><\/a><\/div>\n<p><a href=\"https:\/\/levillagebalinais.com\/index.php\/2025\/07\/27\/calendrier-formation-sept-a-dec-2025-village-balinais-paris\/\">Calendrier formation Sept \u00e0 Dec 2025 Village Balinais Paris<\/a><\/p>\n<div class=\"post_attribute\">27 juillet 2025<\/div>\n<\/li>\n<li>\n<div class=\"post_circle_thumb\"><a href=\"https:\/\/levillagebalinais.com\/index.php\/2025\/05\/22\/seances-de-massage-en-duo-a-paris-24-mai-2025-complet\/\"><img decoding=\"async\" src=\"https:\/\/levillagebalinais.com\/wp-content\/uploads\/2023\/12\/Couples_massage-5664x3399-1-600x360-1-150x150.jpg\" alt=\"\" \/><\/a><\/div>\n<p><a href=\"https:\/\/levillagebalinais.com\/index.php\/2025\/05\/22\/seances-de-massage-en-duo-a-paris-24-mai-2025-complet\/\">S\u00e9ances de massage  en duo \u00e0 Paris: 24 Mai 2025 complet!<\/a><\/p>\n<div class=\"post_attribute\">22 mai 2025<\/div>\n<\/li>\n<\/ul>\n<\/li>\n<li id=\"mc4wp_form_widget-3\" class=\"widget widget_mc4wp_form_widget\">\n<h2 class=\"widgettitle\"><span>Newsletter<\/span><\/h2>\n<p><script>(function() {\n\twindow.mc4wp = window.mc4wp || {\n\t\tlisteners: [],\n\t\tforms: {\n\t\t\ton: function(evt, cb) {\n\t\t\t\twindow.mc4wp.listeners.push(\n\t\t\t\t\t{\n\t\t\t\t\t\tevent   : evt,\n\t\t\t\t\t\tcallback: cb\n\t\t\t\t\t}\n\t\t\t\t);\n\t\t\t}\n\t\t}\n\t}\n})();\n<\/script><!-- Mailchimp for WordPress v4.11.1 - https:\/\/wordpress.org\/plugins\/mailchimp-for-wp\/ --><\/p>\n<form id=\"mc4wp-form-1\" class=\"mc4wp-form mc4wp-form-81\" method=\"post\" data-id=\"81\" data-name=\"S&#039;abonner \u00e0 notre Newsletter\" >\n<div class=\"mc4wp-form-fields\">\n<p>\n    <label>Adresse de courrier \u00e9lectronique<\/label><br \/>\n    <input type=\"email\" name=\"EMAIL\"\n    placeholder=\"Renseignez votre adresse e-mail\" required=\"\"><br \/>\n    <input type=\"submit\" value=\"Abonnez-vous\">\n<\/p>\n<\/div>\n<p><label style=\"display: none !important;\">Laissez ce champ vide si vous \u00eates humain\u00a0: <input type=\"text\" name=\"_mc4wp_honeypot\" value=\"\" tabindex=\"-1\" autocomplete=\"off\" \/><\/label><input type=\"hidden\" name=\"_mc4wp_timestamp\" value=\"1772723894\" \/><input type=\"hidden\" name=\"_mc4wp_form_id\" value=\"81\" \/><input type=\"hidden\" name=\"_mc4wp_form_element_id\" value=\"mc4wp-form-1\" \/><\/p>\n<div class=\"mc4wp-response\"><\/div>\n<\/form>\n<p><!-- \/ Mailchimp for WordPress Plugin --><\/li>\n<li id=\"grandspa_social_profiles_posts-2\" class=\"widget grandspa_Social_Profiles_Posts\">\n<h2 class=\"widgettitle\"><span>Follow Us On<\/span><\/h2>\n<div class=\"social_wrapper shortcode light small\">\n<ul>\n<li class=\"facebook\"><a target=\"_blank\" title=\"Facebook\" href=\"http:\/\/www.facebook.com\/levillagebalinais\/\"><i class=\"fa fa-facebook\"><\/i><\/a><\/li>\n<li class=\"youtube\"><a target=\"_blank\" title=\"Youtube\" href=\"https:\/\/www.youtube.com\/channel\/UCM3Eys_bmt16KWyEHOxR9LA\"><i class=\"fa fa-youtube\"><\/i><\/a><\/li>\n<li class=\"linkedin\"><a target=\"_blank\" title=\"Linkedin\" href=\"https:\/\/www.linkedin.com\/in\/ruth-indiathi-09607193\/\"><i class=\"fa fa-linkedin\"><\/i><\/a><\/li>\n<li class=\"instagram\"><a target=\"_blank\" title=\"Instagram\" href=\"https:\/\/instagram.com\/ruthindiathi\"><i class=\"fa fa-instagram\"><\/i><\/a><\/li>\n<\/ul>\n<\/div>\n<\/li>\n<\/ul>\n<\/div>\n<\/div>\n<\/div>\n<\/div>\n<\/div>\n<\/div>\n<\/div>\n<\/div>\n","protected":false},"excerpt":{"rendered":"<p>R\u00e9flexologie Palmaire Balinaise Install\u00e9 confortablement dans un fauteuil ou allong\u00e9 sur table de massage en combinaison avec la r\u00e9flexologie plantaire, d\u00e9couvrez ce traitement qui d\u00e9lassera en profondeur les mains mais aussi dos et les bras. Notre formation s\u2019inscrit pleinement dans [&hellip;]<\/p>\n","protected":false},"author":1,"featured_media":5217,"parent":3483,"menu_order":0,"comment_status":"closed","ping_status":"closed","template":"","meta":{"_monsterinsights_skip_tracking":false,"_monsterinsights_sitenote_active":false,"_monsterinsights_sitenote_note":"","_monsterinsights_sitenote_category":0,"footnotes":""},"class_list":["post-5116","page","type-page","status-publish","has-post-thumbnail","hentry"],"_links":{"self":[{"href":"https:\/\/levillagebalinais.com\/index.php\/wp-json\/wp\/v2\/pages\/5116","targetHints":{"allow":["GET"]}}],"collection":[{"href":"https:\/\/levillagebalinais.com\/index.php\/wp-json\/wp\/v2\/pages"}],"about":[{"href":"https:\/\/levillagebalinais.com\/index.php\/wp-json\/wp\/v2\/types\/page"}],"author":[{"embeddable":true,"href":"https:\/\/levillagebalinais.com\/index.php\/wp-json\/wp\/v2\/users\/1"}],"replies":[{"embeddable":true,"href":"https:\/\/levillagebalinais.com\/index.php\/wp-json\/wp\/v2\/comments?post=5116"}],"version-history":[{"count":23,"href":"https:\/\/levillagebalinais.com\/index.php\/wp-json\/wp\/v2\/pages\/5116\/revisions"}],"predecessor-version":[{"id":7327,"href":"https:\/\/levillagebalinais.com\/index.php\/wp-json\/wp\/v2\/pages\/5116\/revisions\/7327"}],"up":[{"embeddable":true,"href":"https:\/\/levillagebalinais.com\/index.php\/wp-json\/wp\/v2\/pages\/3483"}],"wp:featuredmedia":[{"embeddable":true,"href":"https:\/\/levillagebalinais.com\/index.php\/wp-json\/wp\/v2\/media\/5217"}],"wp:attachment":[{"href":"https:\/\/levillagebalinais.com\/index.php\/wp-json\/wp\/v2\/media?parent=5116"}],"curies":[{"name":"wp","href":"https:\/\/api.w.org\/{rel}","templated":true}]}}