{"id":4352,"date":"2020-12-17T21:07:32","date_gmt":"2020-12-17T20:07:32","guid":{"rendered":"https:\/\/levillagebalinais.com\/?page_id=4352"},"modified":"2024-12-09T21:24:58","modified_gmt":"2024-12-09T20:24:58","slug":"presse","status":"publish","type":"page","link":"https:\/\/levillagebalinais.com\/index.php\/blog\/presse\/","title":{"rendered":"Presse"},"content":{"rendered":"<div  class=\"one withsmallpadding ppb_text\" style=\"padding-bottom:0px !important;text-align:center;padding:60px 0 60px 0;\" >\n<div class=\"standard_wrapper\">\n<div class=\"page_content_wrapper wide\">\n<div class=\"inner\">\n<div style=\"margin:auto;width:100%\">\n<h1>Ruth Indiathi<\/h1>\n<\/div>\n<\/div>\n<\/div>\n<\/div>\n<\/div>\n<div class=\"standard_wrapper\">\n<div class=\"one withsmallpadding ppb_line_divider\"  style=\"text-align:center;padding:0px 0 0px 0;\" >\n<div class=\"page_content_wrapper wide\">\n<div class=\"inner\">\n<div class=\"line_divider_border\" style=\"width:100px;border-color:#e1e1e1;\"><\/div>\n<div class=\"line_divider_seperator\"><i class=\"fa fa-leaf\" style=\"color:#efa697;\"><\/i><\/div>\n<div class=\"line_divider_border\" style=\"width:100px;border-color:#e1e1e1;\"><\/div>\n<\/div>\n<\/div>\n<\/div>\n<\/div>\n<div class=\"one\" >\n<div class=\"horizontal_gallery\">\n<table class=\"horizontal_gallery_wrapper\">\n<tbody>\n<tr>\n<td class=\"horizontal_gallery_info\">\n<h2 class=\"ppb_title\">Evaluation Creambath Special Coiffure Femme Actuelle 2004<\/h2>\n<div class=\"ppb_header_content\">\n<p>Evaluation du traitement de la chevelure Chemistry de Redken associ\u00e9 au Creambath, massage du cuir chevelu d&rsquo;Indon\u00e9sie : Un soin  de la chevelure profond\u00e9ment relaxant orchestr\u00e9e par Ruth Indiathi chez Marc Antoine Paris, coiffeur, visagiste relooking.<\/p>\n<p>Massages et soins de Bali par Ruth Indiathi<\/p>\n<\/div>\n<\/td>\n<td>\n<div class=\"gallery_image_wrapper\">\n\t\t\t\t    \t<img decoding=\"async\" src=\"https:\/\/levillagebalinais.com\/wp-content\/uploads\/2021\/01\/PG-FEMMES-ACTUELLES-2004-R.jpg\" alt=\"\" class=\"horizontal_gallery_img\" data-height=\"75\"\/><\/p>\n<div class=\"image_caption_wrapper\">\n<div class=\"image_caption\"><\/div>\n<\/div>\n<\/div>\n<\/td>\n<td>\n<div class=\"gallery_image_wrapper\">\n\t\t\t\t    \t<img decoding=\"async\" src=\"https:\/\/levillagebalinais.com\/wp-content\/uploads\/2021\/01\/ART-FEMMES-ACTUELLES-2004_LI-2.jpg\" alt=\"\" class=\"horizontal_gallery_img\" data-height=\"75\"\/><\/p>\n<div class=\"image_caption_wrapper\">\n<div class=\"image_caption\"><\/div>\n<\/div>\n<\/div>\n<\/td>\n<\/tr>\n<\/tbody>\n<\/table><\/div>\n<\/p><\/div>\n<div class=\"divider one\">&nbsp;<\/div>\n<div class=\"standard_wrapper\">\n<div class=\"one withsmallpadding ppb_line_divider\"  style=\"text-align:center;padding:0px 0 0px 0;\" >\n<div class=\"page_content_wrapper wide\">\n<div class=\"inner\">\n<div class=\"line_divider_border\" style=\"width:100px;border-color:#e1e1e1;\"><\/div>\n<div class=\"line_divider_seperator\"><i class=\"fa fa-leaf\" style=\"color:#efa697;\"><\/i><\/div>\n<div class=\"line_divider_border\" style=\"width:100px;border-color:#e1e1e1;\"><\/div>\n<\/div>\n<\/div>\n<\/div>\n<\/div>\n<div class=\"one\" >\n<div class=\"horizontal_gallery\">\n<table class=\"horizontal_gallery_wrapper\">\n<tbody>\n<tr>\n<td class=\"horizontal_gallery_info\">\n<h2 class=\"ppb_title\">ELLE MAI 2004<\/h2>\n<div class=\"ppb_header_content\">\n<p>Massage du cuir chevelu d&rsquo;Indon\u00e9sie, le <strong>Pijat Kepala<\/strong> ou <strong>Creambath<\/strong> chez Marc Antoine Paris,coiffeur, visagiste relooking.<\/p>\n<p>Massages traditionnels et soins de Bali par Ruth Indiathi<\/p>\n<\/div>\n<\/td>\n<td>\n<div class=\"gallery_image_wrapper\">\n\t\t\t\t    \t<img decoding=\"async\" src=\"https:\/\/levillagebalinais.com\/wp-content\/uploads\/2021\/01\/Elle-Mai-2004.jpg\" alt=\"\" class=\"horizontal_gallery_img\" data-height=\"75\"\/><\/p>\n<div class=\"image_caption_wrapper\">\n<div class=\"image_caption\"><\/div>\n<\/div>\n<\/div>\n<\/td>\n<td>\n<div class=\"gallery_image_wrapper\">\n\t\t\t\t    \t<img decoding=\"async\" src=\"https:\/\/levillagebalinais.com\/wp-content\/uploads\/2021\/01\/Elle-2004-Mai_Article-3_LI-1.jpg\" alt=\"\" class=\"horizontal_gallery_img\" data-height=\"75\"\/><\/p>\n<div class=\"image_caption_wrapper\">\n<div class=\"image_caption\">Le journal ELLE rep\u00e8re les massages du cuir chevelu r\u00e9alis\u00e9s par Ruth Indiathi d\u00e8s 2004.<\/div>\n<\/div>\n<\/div>\n<\/td>\n<\/tr>\n<\/tbody>\n<\/table><\/div>\n<\/p><\/div>\n<div class=\"divider one\">&nbsp;<\/div>\n<div class=\"standard_wrapper\">\n<div class=\"one withsmallpadding ppb_line_divider\"  style=\"text-align:center;padding:0px 0 0px 0;\" >\n<div class=\"page_content_wrapper wide\">\n<div class=\"inner\">\n<div class=\"line_divider_border\" style=\"width:100px;border-color:#e1e1e1;\"><\/div>\n<div class=\"line_divider_seperator\"><i class=\"fa fa-leaf\" style=\"color:#efa697;\"><\/i><\/div>\n<div class=\"line_divider_border\" style=\"width:100px;border-color:#e1e1e1;\"><\/div>\n<\/div>\n<\/div>\n<\/div>\n<\/div>\n<div class=\"one\" >\n<div class=\"horizontal_gallery\">\n<table class=\"horizontal_gallery_wrapper\">\n<tbody>\n<tr>\n<td class=\"horizontal_gallery_info\">\n<h2 class=\"ppb_title\">PIJAT JAWA, 4 \u00e9toiles,  Magazine  ELLE ,  2007<\/h2>\n<div class=\"ppb_header_content\">\n<p><strong>Test de massages et classement par le magazine ELLE des meilleurs spas de Paris en 2007.<\/strong><br \/>\nLe massage traditionnel pijat jawa cr\u00e9e et  r\u00e9alis\u00e9 par Ruth Indiathi pour le centre Maxam, Madelaine, Paris est test\u00e9 par la  journaliste du magazine ELLE.<br \/>\n<strong>Le Pijat Jawa obtient 4 \u00e9toiles et Maxam est class\u00e9 second  des meilleurs spas de Paris 2007<\/strong>. <\/p>\n<\/div>\n<\/td>\n<td>\n<div class=\"gallery_image_wrapper\">\n\t\t\t\t    \t<img decoding=\"async\" src=\"https:\/\/levillagebalinais.com\/wp-content\/uploads\/2021\/01\/PG-ELLE-2007-ANGELINA-JOLIE-scaled.jpg\" alt=\"\" class=\"horizontal_gallery_img\" data-height=\"75\"\/><\/p>\n<div class=\"image_caption_wrapper\">\n<div class=\"image_caption\">Le massage traditionnel d&#039;Indon\u00e9sie r\u00e9alis\u00e9 par Ruth Indiathi pour le Spa Maxam est dans le TOP 5 des meilleurs massages de Paris. <\/div>\n<\/div>\n<\/div>\n<\/td>\n<td>\n<div class=\"gallery_image_wrapper\">\n\t\t\t\t    \t<img decoding=\"async\" src=\"https:\/\/levillagebalinais.com\/wp-content\/uploads\/2021\/01\/PIJAT-JAWA-RUTH-INDIATHI-MAXAM-ELLE-2007-2_LI.jpg\" alt=\"\" class=\"horizontal_gallery_img\" data-height=\"75\"\/><\/p>\n<div class=\"image_caption_wrapper\">\n<div class=\"image_caption\">Village Balinais Presse<\/div>\n<\/div>\n<\/div>\n<\/td>\n<td>\n<div class=\"gallery_image_wrapper\">\n\t\t\t\t    \t<img decoding=\"async\" src=\"https:\/\/levillagebalinais.com\/wp-content\/uploads\/2021\/01\/PIJAT-JAWA-RUTH-INDIATHI-MAXAM-ELLE-2007-2-scaled.jpg\" alt=\"\" class=\"horizontal_gallery_img\" data-height=\"75\"\/><\/p>\n<div class=\"image_caption_wrapper\">\n<div class=\"image_caption\">Le Pijat Jawa r\u00e9alis\u00e9e par Ruth Indiathi est test\u00e9 par une journaliste d&#039; ELLE Magazine. Le Spa Maxam se classe second des meilleurs spas de Paris en 2007.<\/div>\n<\/div>\n<\/div>\n<\/td>\n<\/tr>\n<\/tbody>\n<\/table><\/div>\n<\/p><\/div>\n<div class=\"divider one\">&nbsp;<\/div>\n<div class=\"standard_wrapper\">\n<div class=\"one withsmallpadding ppb_line_divider\"  style=\"text-align:center;padding:0px 0 0px 0;\" >\n<div class=\"page_content_wrapper wide\">\n<div class=\"inner\">\n<div class=\"line_divider_border\" style=\"width:100px;\"><\/div>\n<div class=\"line_divider_seperator\"><i class=\"fa fa-leaf\" style=\"\"><\/i><\/div>\n<div class=\"line_divider_border\" style=\"width:100px;\"><\/div>\n<\/div>\n<\/div>\n<\/div>\n<\/div>\n<div class=\"one\" >\n<div class=\"horizontal_gallery\">\n<table class=\"horizontal_gallery_wrapper\">\n<tbody>\n<tr>\n<td class=\"horizontal_gallery_info\">\n<h2 class=\"ppb_title\">RITUEL DU LULURAN, 2008<\/h2>\n<div class=\"ppb_header_content\">\n<p>Dans le journal G\u00e9n\u00e9ration Tao, Ruth Indiathi rappelle l&rsquo;inscription des rituels de bien-\u00eatre dans la soci\u00e9t\u00e9 indon\u00e9sienne et leurs fonctions religieuses et sociales.<br \/>\nLe rituel du Mandi Lulur est d\u00e9riv\u00e9 des cours royales javanaises ancestrales.<\/p>\n<\/div>\n<\/td>\n<td>\n<div class=\"gallery_image_wrapper\">\n\t\t\t\t    \t<img decoding=\"async\" src=\"https:\/\/levillagebalinais.com\/wp-content\/uploads\/2021\/01\/GT-1-5-2-2008_page-0005.jpg\" alt=\"\" class=\"horizontal_gallery_img\" data-height=\"75\"\/><\/p>\n<div class=\"image_caption_wrapper\">\n<div class=\"image_caption\">Delphine L&#039;HUILLIER teste le massage balinais Pijat Bali r\u00e9alis\u00e9e par Ruth Indiathi.<\/div>\n<\/div>\n<\/div>\n<\/td>\n<td>\n<div class=\"gallery_image_wrapper\">\n\t\t\t\t    \t<img decoding=\"async\" src=\"https:\/\/levillagebalinais.com\/wp-content\/uploads\/2021\/01\/GT-1-5-1-2008_page-0001.jpg\" alt=\"\" class=\"horizontal_gallery_img\" data-height=\"75\"\/><\/p>\n<div class=\"image_caption_wrapper\">\n<div class=\"image_caption\">Tradition balinaise et soin rituel par Ruth Indiathi<\/div>\n<\/div>\n<\/div>\n<\/td>\n<td>\n<div class=\"gallery_image_wrapper\">\n\t\t\t\t    \t<img decoding=\"async\" src=\"https:\/\/levillagebalinais.com\/wp-content\/uploads\/2021\/01\/GT-1-5-1-2008_page-0002.jpg\" alt=\"\" class=\"horizontal_gallery_img\" data-height=\"75\"\/><\/p>\n<div class=\"image_caption_wrapper\">\n<div class=\"image_caption\"><\/div>\n<\/div>\n<\/div>\n<\/td>\n<td>\n<div class=\"gallery_image_wrapper\">\n\t\t\t\t    \t<img decoding=\"async\" src=\"https:\/\/levillagebalinais.com\/wp-content\/uploads\/2021\/01\/GT-1-5-1-2008_page-0003.jpg\" alt=\"\" class=\"horizontal_gallery_img\" data-height=\"75\"\/><\/p>\n<div class=\"image_caption_wrapper\">\n<div class=\"image_caption\"><\/div>\n<\/div>\n<\/div>\n<\/td>\n<td>\n<div class=\"gallery_image_wrapper\">\n\t\t\t\t    \t<img decoding=\"async\" src=\"https:\/\/levillagebalinais.com\/wp-content\/uploads\/2021\/01\/GT-1-5-1-2008_page-0004.jpg\" alt=\"\" class=\"horizontal_gallery_img\" data-height=\"75\"\/><\/p>\n<div class=\"image_caption_wrapper\">\n<div class=\"image_caption\">Les massages balinais s&#039;enracinent dans la tradition balinaise.<\/div>\n<\/div>\n<\/div>\n<\/td>\n<td>\n<div class=\"gallery_image_wrapper\">\n\t\t\t\t    \t<img decoding=\"async\" src=\"https:\/\/levillagebalinais.com\/wp-content\/uploads\/2021\/01\/GT-1-5-1-2008_page-0005.jpg\" alt=\"\" class=\"horizontal_gallery_img\" data-height=\"75\"\/><\/p>\n<div class=\"image_caption_wrapper\">\n<div class=\"image_caption\"><\/div>\n<\/div>\n<\/div>\n<\/td>\n<\/tr>\n<\/tbody>\n<\/table><\/div>\n<\/p><\/div>\n<div class=\"divider one\">&nbsp;<\/div>\n<div class=\"standard_wrapper\">\n<div class=\"one withsmallpadding ppb_line_divider\"  style=\"text-align:center;padding:0px 0 0px 0;\" >\n<div class=\"page_content_wrapper wide\">\n<div class=\"inner\">\n<div class=\"line_divider_border\" style=\"width:100px;\"><\/div>\n<div class=\"line_divider_seperator\"><i class=\"fa fa-leaf\" style=\"\"><\/i><\/div>\n<div class=\"line_divider_border\" style=\"width:100px;\"><\/div>\n<\/div>\n<\/div>\n<\/div>\n<\/div>\n<div class=\"one\" >\n<div class=\"horizontal_gallery\">\n<table class=\"horizontal_gallery_wrapper\">\n<tbody>\n<tr>\n<td class=\"horizontal_gallery_info\">\n<h2 class=\"ppb_title\">EVALUATION VILLAGE BALINAIS CHEZ MA, 2011<\/h2>\n<div class=\"ppb_header_content\">\n<p>Les massages balinais du Village Balinais par Ruth Indiathi sont \u00e9valu\u00e9s au salon du coiffeur, visagiste et relooking Marc Antoine en 2011.<\/p>\n<\/div>\n<\/td>\n<td>\n<div class=\"gallery_image_wrapper\">\n\t\t\t\t    \t<img decoding=\"async\" src=\"https:\/\/levillagebalinais.com\/wp-content\/uploads\/2021\/01\/PG-IDEHK-IDEHK-NE-JANV-2011NE.jpg\" alt=\"\" class=\"horizontal_gallery_img\" data-height=\"75\"\/><\/p>\n<div class=\"image_caption_wrapper\">\n<div class=\"image_caption\"><\/div>\n<\/div>\n<\/div>\n<\/td>\n<td>\n<div class=\"gallery_image_wrapper\">\n\t\t\t\t    \t<img decoding=\"async\" src=\"https:\/\/levillagebalinais.com\/wp-content\/uploads\/2021\/01\/37-3_LI.jpg\" alt=\"\" class=\"horizontal_gallery_img\" data-height=\"75\"\/><\/p>\n<div class=\"image_caption_wrapper\">\n<div class=\"image_caption\">Evaluation du day spa g\u00e9r\u00e9e par Ruth Indiathi \u00e0 l&#039;Institut Marc Antoine, Gobelins, Paris.<\/div>\n<\/div>\n<\/div>\n<\/td>\n<td>\n<div class=\"gallery_image_wrapper\">\n\t\t\t\t    \t<img decoding=\"async\" src=\"https:\/\/levillagebalinais.com\/wp-content\/uploads\/2021\/01\/36-2_LI.jpg\" alt=\"\" class=\"horizontal_gallery_img\" data-height=\"75\"\/><\/p>\n<div class=\"image_caption_wrapper\">\n<div class=\"image_caption\"><\/div>\n<\/div>\n<\/div>\n<\/td>\n<td>\n<div class=\"gallery_image_wrapper\">\n\t\t\t\t    \t<img decoding=\"async\" src=\"https:\/\/levillagebalinais.com\/wp-content\/uploads\/2021\/01\/37-2.jpg\" alt=\"\" class=\"horizontal_gallery_img\" data-height=\"75\"\/><\/p>\n<div class=\"image_caption_wrapper\">\n<div class=\"image_caption\">A l&#039;Institut Marc Antoine aux Gobelins Paris, Ruth Indiathi g\u00e8re une cabine de massages balinais.<\/div>\n<\/div>\n<\/div>\n<\/td>\n<td>\n<div class=\"gallery_image_wrapper\">\n\t\t\t\t    \t<img decoding=\"async\" src=\"https:\/\/levillagebalinais.com\/wp-content\/uploads\/2021\/01\/38-2.jpg\" alt=\"\" class=\"horizontal_gallery_img\" data-height=\"75\"\/><\/p>\n<div class=\"image_caption_wrapper\">\n<div class=\"image_caption\"><\/div>\n<\/div>\n<\/div>\n<\/td>\n<\/tr>\n<\/tbody>\n<\/table><\/div>\n<\/p><\/div>\n<div class=\"divider one\">&nbsp;<\/div>\n<div class=\"standard_wrapper\">\n<div class=\"one withsmallpadding ppb_line_divider\"  style=\"text-align:center;padding:0px 0 0px 0;\" >\n<div class=\"page_content_wrapper wide\">\n<div class=\"inner\">\n<div class=\"line_divider_border\" style=\"width:100px;\"><\/div>\n<div class=\"line_divider_seperator\"><i class=\"fa fa-leaf\" style=\"\"><\/i><\/div>\n<div class=\"line_divider_border\" style=\"width:100px;\"><\/div>\n<\/div>\n<\/div>\n<\/div>\n<\/div>\n<div class=\"one\" >\n<div class=\"horizontal_gallery\">\n<table class=\"horizontal_gallery_wrapper\">\n<tbody>\n<tr>\n<td class=\"horizontal_gallery_info\">\n<h2 class=\"ppb_title\">IDEHK IDEHK JANV 2011<\/h2>\n<div class=\"ppb_header_content\">\n<p>Ruth Indiathi pr\u00e9sente l&rsquo;<strong>idehk-idehk <\/strong>dans le journal des Nouvelles Esthetiques de Janvier 2011, <strong>l&rsquo;approche indon\u00e9sienne traditionnelle du massage balinais corps lorsqu&rsquo;il est r\u00e9alis\u00e9 avec les pieds. <\/strong><br \/>\n<strong>Comment dissoudre la perle de tensions n\u00e9e des couches de contracture issue d&rsquo;un grain de sable douloureux?<\/strong><br \/>\nPour un flash de relaxation vivifiante sur les zones hypertendues n\u00e9 du vulcanisme d&rsquo;apaisement des traditions de Bali et Java.<\/p>\n<\/div>\n<\/td>\n<td>\n<div class=\"gallery_image_wrapper\">\n\t\t\t\t    \t<img decoding=\"async\" src=\"https:\/\/levillagebalinais.com\/wp-content\/uploads\/2021\/01\/3-NE-JANV-2011.jpg\" alt=\"\" class=\"horizontal_gallery_img\" data-height=\"75\"\/><\/p>\n<div class=\"image_caption_wrapper\">\n<div class=\"image_caption\">Soulager les douleurs du dos<\/div>\n<\/div>\n<\/div>\n<\/td>\n<td>\n<div class=\"gallery_image_wrapper\">\n\t\t\t\t    \t<img decoding=\"async\" src=\"https:\/\/levillagebalinais.com\/wp-content\/uploads\/2021\/01\/1-NEJANV-2001-1.jpg\" alt=\"\" class=\"horizontal_gallery_img\" data-height=\"75\"\/><\/p>\n<div class=\"image_caption_wrapper\">\n<div class=\"image_caption\">Un massage traditionnel d&#039;Indon\u00e9sie dans le journal des Nouvelles Esth\u00e9tiques<\/div>\n<\/div>\n<\/div>\n<\/td>\n<td>\n<div class=\"gallery_image_wrapper\">\n\t\t\t\t    \t<img decoding=\"async\" src=\"https:\/\/levillagebalinais.com\/wp-content\/uploads\/2021\/01\/4-NE-JANV-2011.jpg\" alt=\"\" class=\"horizontal_gallery_img\" data-height=\"75\"\/><\/p>\n<div class=\"image_caption_wrapper\">\n<div class=\"image_caption\"><\/div>\n<\/div>\n<\/div>\n<\/td>\n<td>\n<div class=\"gallery_image_wrapper\">\n\t\t\t\t    \t<img decoding=\"async\" src=\"https:\/\/levillagebalinais.com\/wp-content\/uploads\/2021\/01\/0-PG-IDEHK-IDEHK-NE-JANV-2011NE.jpg\" alt=\"\" class=\"horizontal_gallery_img\" data-height=\"75\"\/><\/p>\n<div class=\"image_caption_wrapper\">\n<div class=\"image_caption\">Le Village Balinais Formation pr\u00e9sente dans le journal des Nouvelles Esth\u00e9tiques&amp;Spa l&#039;idehk-Idehk pour soulager en profondeur les douleurs corporelles<\/div>\n<\/div>\n<\/div>\n<\/td>\n<td>\n<div class=\"gallery_image_wrapper\">\n\t\t\t\t    \t<img decoding=\"async\" src=\"https:\/\/levillagebalinais.com\/wp-content\/uploads\/2021\/01\/2-NE-JANV-2011-.jpg\" alt=\"\" class=\"horizontal_gallery_img\" data-height=\"75\"\/><\/p>\n<div class=\"image_caption_wrapper\">\n<div class=\"image_caption\"><\/div>\n<\/div>\n<\/div>\n<\/td>\n<\/tr>\n<\/tbody>\n<\/table><\/div>\n<\/p><\/div>\n<div class=\"divider one\">&nbsp;<\/div>\n<div class=\"standard_wrapper\">\n<div class=\"one withsmallpadding ppb_line_divider\"  style=\"text-align:center;padding:0px 0 0px 0;\" >\n<div class=\"page_content_wrapper wide\">\n<div class=\"inner\">\n<div class=\"line_divider_border\" style=\"width:100px;\"><\/div>\n<div class=\"line_divider_seperator\"><i class=\"fa fa-leaf\" style=\"\"><\/i><\/div>\n<div class=\"line_divider_border\" style=\"width:100px;\"><\/div>\n<\/div>\n<\/div>\n<\/div>\n<\/div>\n<div class=\"one\" >\n<div class=\"horizontal_gallery\">\n<table class=\"horizontal_gallery_wrapper\">\n<tbody>\n<tr>\n<td class=\"horizontal_gallery_info\">\n<h2 class=\"ppb_title\">Consultante Six Senses, rue castigiole, Paris<\/h2>\n<div class=\"ppb_header_content\">\n<p><strong>Ruth Indiathi travaille comme consultante, experte et balinese therapist pour le Six Senses Spa<\/strong>, Mars, 2011,<br \/>\nJournal Capital.<\/p>\n<\/div>\n<\/td>\n<td>\n<div class=\"gallery_image_wrapper\">\n\t\t\t\t    \t<img decoding=\"async\" src=\"https:\/\/levillagebalinais.com\/wp-content\/uploads\/2021\/01\/Paris-capitale-Mars-2011-DIVISE-scaled.jpg\" alt=\"\" class=\"horizontal_gallery_img\" data-height=\"75\"\/><\/p>\n<div class=\"image_caption_wrapper\">\n<div class=\"image_caption\"><\/div>\n<\/div>\n<\/div>\n<\/td>\n<td>\n<div class=\"gallery_image_wrapper\">\n\t\t\t\t    \t<img decoding=\"async\" src=\"https:\/\/levillagebalinais.com\/wp-content\/uploads\/2021\/01\/Paris-capitale-Mars-2011-DIVISE-RUTH-INDIATHI-AU-SIX-SENS-SPA.jpg\" alt=\"\" class=\"horizontal_gallery_img\" data-height=\"75\"\/><\/p>\n<div class=\"image_caption_wrapper\">\n<div class=\"image_caption\"><\/div>\n<\/div>\n<\/div>\n<\/td>\n<td>\n<div class=\"gallery_image_wrapper\">\n\t\t\t\t    \t<img decoding=\"async\" src=\"https:\/\/levillagebalinais.com\/wp-content\/uploads\/2021\/01\/Paris-capitale-Mars-2011-DIVISE-2-1-scaled.jpg\" alt=\"\" class=\"horizontal_gallery_img\" data-height=\"75\"\/><\/p>\n<div class=\"image_caption_wrapper\">\n<div class=\"image_caption\"><\/div>\n<\/div>\n<\/div>\n<\/td>\n<\/tr>\n<\/tbody>\n<\/table><\/div>\n<\/p><\/div>\n<div class=\"divider one\">&nbsp;<\/div>\n<div class=\"standard_wrapper\">\n<div class=\"one withsmallpadding ppb_line_divider\"  style=\"text-align:center;padding:0px 0 0px 0;\" >\n<div class=\"page_content_wrapper wide\">\n<div class=\"inner\">\n<div class=\"line_divider_border\" style=\"width:100px;\"><\/div>\n<div class=\"line_divider_seperator\"><i class=\"fa fa-leaf\" style=\"\"><\/i><\/div>\n<div class=\"line_divider_border\" style=\"width:100px;\"><\/div>\n<\/div>\n<\/div>\n<\/div>\n<\/div>\n<div class=\"one\" >\n<div class=\"horizontal_gallery\">\n<table class=\"horizontal_gallery_wrapper\">\n<tbody>\n<tr>\n<td class=\"horizontal_gallery_info\">\n<h2 class=\"ppb_title\">Consultante Six Senses, rue castigiole, Paris<\/h2>\n<div class=\"ppb_header_content\">\n<p>Ruth Indiathi travaille comme consultante, experte et balinese therapist pour le Six Senses Spa, Mars, 2011,<br \/>\nJournal Nouvelles Esthetiques.<\/p>\n<\/div>\n<\/td>\n<td>\n<div class=\"gallery_image_wrapper\">\n\t\t\t\t    \t<img decoding=\"async\" src=\"https:\/\/levillagebalinais.com\/wp-content\/uploads\/2021\/01\/NE_P001_001_CV1_page-0001-1.jpg\" alt=\"\" class=\"horizontal_gallery_img\" data-height=\"75\"\/><\/p>\n<div class=\"image_caption_wrapper\">\n<div class=\"image_caption\"><\/div>\n<\/div>\n<\/div>\n<\/td>\n<td>\n<div class=\"gallery_image_wrapper\">\n\t\t\t\t    \t<img decoding=\"async\" src=\"https:\/\/levillagebalinais.com\/wp-content\/uploads\/2021\/01\/Les-Nouvelles-Esthetiques-spa-mars-2011-Voyages-Six-Senses_page-0002-2.jpg\" alt=\"\" class=\"horizontal_gallery_img\" data-height=\"75\"\/><\/p>\n<div class=\"image_caption_wrapper\">\n<div class=\"image_caption\">Embarquement pour l&#039;Indon\u00e9sie du bien-\u00eatre avec Ruth Indiathi<\/div>\n<\/div>\n<\/div>\n<\/td>\n<td>\n<div class=\"gallery_image_wrapper\">\n\t\t\t\t    \t<img decoding=\"async\" src=\"https:\/\/levillagebalinais.com\/wp-content\/uploads\/2021\/01\/Les-Nouvelles-Esthetiques-spa-mars-2011-Voyages-Six-Senses_page-0002-3.jpg\" alt=\"\" class=\"horizontal_gallery_img\" data-height=\"75\"\/><\/p>\n<div class=\"image_caption_wrapper\">\n<div class=\"image_caption\">Les Six Senses Spa, Paris invitent leurs clients \u00e0 d\u00e9couvrir les massages de Ruth Indiathi, experte des traitements de Bali.<\/div>\n<\/div>\n<\/div>\n<\/td>\n<td>\n<div class=\"gallery_image_wrapper\">\n\t\t\t\t    \t<img decoding=\"async\" src=\"https:\/\/levillagebalinais.com\/wp-content\/uploads\/2021\/01\/Les-Nouvelles-Esthetiques-spa-mars-2011-Voyages-Six-Senses_page-0002.jpg\" alt=\"\" class=\"horizontal_gallery_img\" data-height=\"75\"\/><\/p>\n<div class=\"image_caption_wrapper\">\n<div class=\"image_caption\">Ruth Indiathi : Experte- Spa therapist pour les Six Senses Spa, Paris<\/div>\n<\/div>\n<\/div>\n<\/td>\n<\/tr>\n<\/tbody>\n<\/table><\/div>\n<\/p><\/div>\n<div class=\"divider one\">&nbsp;<\/div>\n<div class=\"standard_wrapper\">\n<div class=\"one withsmallpadding ppb_line_divider\"  style=\"text-align:center;padding:0px 0 0px 0;\" >\n<div class=\"page_content_wrapper wide\">\n<div class=\"inner\">\n<div class=\"line_divider_border\" style=\"width:100px;\"><\/div>\n<div class=\"line_divider_seperator\"><i class=\"fa fa-leaf\" style=\"\"><\/i><\/div>\n<div class=\"line_divider_border\" style=\"width:100px;\"><\/div>\n<\/div>\n<\/div>\n<\/div>\n<\/div>\n<div class=\"one\" >\n<div class=\"horizontal_gallery\">\n<table class=\"horizontal_gallery_wrapper\">\n<tbody>\n<tr>\n<td class=\"horizontal_gallery_info\">\n<h2 class=\"ppb_title\">D\u00e9monstration IDEHK-IDEHK, Mars 2011<\/h2>\n<div class=\"ppb_header_content\">\n<p>Ruth Indiathi r\u00e9alise une d\u00e9monstration de Idehk-Idehk au Cong\u00e8s Internatial de Esth\u00e9tique et du Spa en Mars 2011 devant les esth\u00e9t\u00e9ticennes, et les experts des spas et thalassoth\u00e9rapie de France.<\/p>\n<\/div>\n<\/td>\n<td>\n<div class=\"gallery_image_wrapper\">\n\t\t\t\t    \t<img decoding=\"async\" src=\"https:\/\/levillagebalinais.com\/wp-content\/uploads\/2021\/01\/635-CONG-ecran_pages-to-jpg-0001.jpg\" alt=\"\" class=\"horizontal_gallery_img\" data-height=\"75\"\/><\/p>\n<div class=\"image_caption_wrapper\">\n<div class=\"image_caption\"><\/div>\n<\/div>\n<\/div>\n<\/td>\n<td>\n<div class=\"gallery_image_wrapper\">\n\t\t\t\t    \t<img decoding=\"async\" src=\"https:\/\/levillagebalinais.com\/wp-content\/uploads\/2021\/01\/635-CONG-ecran_pages-to-jpg-0002.jpg\" alt=\"\" class=\"horizontal_gallery_img\" data-height=\"75\"\/><\/p>\n<div class=\"image_caption_wrapper\">\n<div class=\"image_caption\"><\/div>\n<\/div>\n<\/div>\n<\/td>\n<td>\n<div class=\"gallery_image_wrapper\">\n\t\t\t\t    \t<img decoding=\"async\" src=\"https:\/\/levillagebalinais.com\/wp-content\/uploads\/2021\/01\/635-CONG-ecran_pages-to-jpg-0010.jpg\" alt=\"\" class=\"horizontal_gallery_img\" data-height=\"75\"\/><\/p>\n<div class=\"image_caption_wrapper\">\n<div class=\"image_caption\">Au congr\u00e8s internatinale d&#039;esth\u00e9tique &amp;Spa<\/div>\n<\/div>\n<\/div>\n<\/td>\n<td>\n<div class=\"gallery_image_wrapper\">\n\t\t\t\t    \t<img decoding=\"async\" src=\"https:\/\/levillagebalinais.com\/wp-content\/uploads\/2021\/01\/635-CONG-ecran_pages-to-jpg-0012.jpg\" alt=\"\" class=\"horizontal_gallery_img\" data-height=\"75\"\/><\/p>\n<div class=\"image_caption_wrapper\">\n<div class=\"image_caption\"><\/div>\n<\/div>\n<\/div>\n<\/td>\n<\/tr>\n<\/tbody>\n<\/table><\/div>\n<\/p><\/div>\n<div class=\"divider one\">&nbsp;<\/div>\n<div class=\"standard_wrapper\">\n<div class=\"one withsmallpadding ppb_line_divider\"  style=\"text-align:center;padding:0px 0 0px 0;\" >\n<div class=\"page_content_wrapper wide\">\n<div class=\"inner\">\n<div class=\"line_divider_border\" style=\"width:100px;\"><\/div>\n<div class=\"line_divider_seperator\"><i class=\"fa fa-leaf\" style=\"\"><\/i><\/div>\n<div class=\"line_divider_border\" style=\"width:100px;\"><\/div>\n<\/div>\n<\/div>\n<\/div>\n<\/div>\n<div class=\"one\" >\n<div class=\"horizontal_gallery\">\n<table class=\"horizontal_gallery_wrapper\">\n<tbody>\n<tr>\n<td class=\"horizontal_gallery_info\">\n<h2 class=\"ppb_title\">D\u00e9monstration massage balinais Cracovie 2011<\/h2>\n<div class=\"ppb_header_content\">\n<p><strong>Ruth Indiathi initie les professionnels de POLOGNE<\/strong> \u00e0 l&rsquo;approche indon\u00e9sienne du bien \u00eatre du corps et du cr\u00e2ne \u00e0 travers la pr\u00e9sentation des massages balinais traditionnels  Pijat Bali et Pijat kepala au <strong>congr\u00e8s international de l&rsquo;esth\u00e9tique et du spa de Cracovie<\/strong>.<\/p>\n<\/div>\n<\/td>\n<td>\n<div class=\"gallery_image_wrapper\">\n\t\t\t\t    \t<img decoding=\"async\" src=\"https:\/\/levillagebalinais.com\/wp-content\/uploads\/2021\/01\/BROSZ-progr_28-str_lekka_page-0001.jpg\" alt=\"\" class=\"horizontal_gallery_img\" data-height=\"75\"\/><\/p>\n<div class=\"image_caption_wrapper\">\n<div class=\"image_caption\"><\/div>\n<\/div>\n<\/div>\n<\/td>\n<td>\n<div class=\"gallery_image_wrapper\">\n\t\t\t\t    \t<img decoding=\"async\" src=\"https:\/\/levillagebalinais.com\/wp-content\/uploads\/2021\/01\/BROSZ-progr_28-str_lekka_page-0002.jpg\" alt=\"\" class=\"horizontal_gallery_img\" data-height=\"75\"\/><\/p>\n<div class=\"image_caption_wrapper\">\n<div class=\"image_caption\"><\/div>\n<\/div>\n<\/div>\n<\/td>\n<td>\n<div class=\"gallery_image_wrapper\">\n\t\t\t\t    \t<img decoding=\"async\" src=\"https:\/\/levillagebalinais.com\/wp-content\/uploads\/2021\/01\/BROSZ-progr_28-str_lekka_page-0005_LI.jpg\" alt=\"\" class=\"horizontal_gallery_img\" data-height=\"75\"\/><\/p>\n<div class=\"image_caption_wrapper\">\n<div class=\"image_caption\"><\/div>\n<\/div>\n<\/div>\n<\/td>\n<td>\n<div class=\"gallery_image_wrapper\">\n\t\t\t\t    \t<img decoding=\"async\" src=\"https:\/\/levillagebalinais.com\/wp-content\/uploads\/2021\/01\/BROSZ-progr_28-str_lekka_page-0010_LI-2.jpg\" alt=\"\" class=\"horizontal_gallery_img\" data-height=\"75\"\/><\/p>\n<div class=\"image_caption_wrapper\">\n<div class=\"image_caption\"><\/div>\n<\/div>\n<\/div>\n<\/td>\n<td>\n<div class=\"gallery_image_wrapper\">\n\t\t\t\t    \t<img decoding=\"async\" src=\"https:\/\/levillagebalinais.com\/wp-content\/uploads\/2021\/01\/BROSZ-progr_28-str_lekka_page-0020.jpg\" alt=\"\" class=\"horizontal_gallery_img\" data-height=\"75\"\/><\/p>\n<div class=\"image_caption_wrapper\">\n<div class=\"image_caption\"><\/div>\n<\/div>\n<\/div>\n<\/td>\n<\/tr>\n<\/tbody>\n<\/table><\/div>\n<\/p><\/div>\n<div class=\"divider one\">&nbsp;<\/div>\n<div class=\"standard_wrapper\">\n<div class=\"one withsmallpadding ppb_line_divider\"  style=\"text-align:center;padding:0px 0 0px 0;\" >\n<div class=\"page_content_wrapper wide\">\n<div class=\"inner\">\n<div class=\"line_divider_border\" style=\"width:100px;\"><\/div>\n<div class=\"line_divider_seperator\"><i class=\"fa fa-leaf\" style=\"\"><\/i><\/div>\n<div class=\"line_divider_border\" style=\"width:100px;\"><\/div>\n<\/div>\n<\/div>\n<\/div>\n<\/div>\n<div class=\"one\" >\n<div class=\"horizontal_gallery\">\n<table class=\"horizontal_gallery_wrapper\">\n<tbody>\n<tr>\n<td class=\"horizontal_gallery_info\">\n<h2 class=\"ppb_title\">Formulation de protocoles de soins pour Marque de produits<\/h2>\n<div class=\"ppb_header_content\">\n<p><strong>Ruth Indiathi r\u00e9alise la formulation de protocoles de soins balinais visage et corps pour une marque de produits de Bali.<\/strong><\/p>\n<\/div>\n<\/td>\n<td>\n<div class=\"gallery_image_wrapper\">\n\t\t\t\t    \t<img decoding=\"async\" src=\"https:\/\/levillagebalinais.com\/wp-content\/uploads\/2021\/01\/CABINES-112012-COUVERTURE.jpg\" alt=\"\" class=\"horizontal_gallery_img\" data-height=\"75\"\/><\/p>\n<div class=\"image_caption_wrapper\">\n<div class=\"image_caption\"><\/div>\n<\/div>\n<\/div>\n<\/td>\n<td>\n<div class=\"gallery_image_wrapper\">\n\t\t\t\t    \t<img decoding=\"async\" src=\"https:\/\/levillagebalinais.com\/wp-content\/uploads\/2021\/01\/Luluran-parution-cabines-112011-1.jpg\" alt=\"\" class=\"horizontal_gallery_img\" data-height=\"75\"\/><\/p>\n<div class=\"image_caption_wrapper\">\n<div class=\"image_caption\">Journal Cabines : Village Balinais Presse<\/div>\n<\/div>\n<\/div>\n<\/td>\n<td>\n<div class=\"gallery_image_wrapper\">\n\t\t\t\t    \t<img decoding=\"async\" src=\"https:\/\/levillagebalinais.com\/wp-content\/uploads\/2021\/01\/CABINES-112012-MUKA-2_LI.jpg\" alt=\"\" class=\"horizontal_gallery_img\" data-height=\"75\"\/><\/p>\n<div class=\"image_caption_wrapper\">\n<div class=\"image_caption\">R\u00e9alisation par Ruth Indiathi de protocoles de soins Muka du visage pour une marque<\/div>\n<\/div>\n<\/div>\n<\/td>\n<td>\n<div class=\"gallery_image_wrapper\">\n\t\t\t\t    \t<img decoding=\"async\" src=\"https:\/\/levillagebalinais.com\/wp-content\/uploads\/2021\/01\/Fotolia_10041958_S.jpg\" alt=\"\" class=\"horizontal_gallery_img\" data-height=\"75\"\/><\/p>\n<div class=\"image_caption_wrapper\">\n<div class=\"image_caption\">Frangipanier et noix de coco<\/div>\n<\/div>\n<\/div>\n<\/td>\n<\/tr>\n<\/tbody>\n<\/table><\/div>\n<\/p><\/div>\n<div class=\"divider one\">&nbsp;<\/div>\n<div class=\"standard_wrapper\">\n<div class=\"one withsmallpadding ppb_line_divider\"  style=\"text-align:center;padding:0px 0 0px 0;\" >\n<div class=\"page_content_wrapper wide\">\n<div class=\"inner\">\n<div class=\"line_divider_border\" style=\"width:100px;\"><\/div>\n<div class=\"line_divider_seperator\"><i class=\"fa fa-leaf\" style=\"\"><\/i><\/div>\n<div class=\"line_divider_border\" style=\"width:100px;\"><\/div>\n<\/div>\n<\/div>\n<\/div>\n<\/div>\n<div class=\"one\" >\n<div class=\"horizontal_gallery\">\n<table class=\"horizontal_gallery_wrapper\">\n<tbody>\n<tr>\n<td class=\"horizontal_gallery_info\">\n<h2 class=\"ppb_title\">Atelier et D\u00e9monstration du massage balinais \u00e0 Milan, Italie<\/h2>\n<div class=\"ppb_header_content\">\n<p>En 2012 et 2013, <strong>Ruth Indiathi initie les professionnels, esth\u00e9ticiennes d&rsquo;Italie \u00e0 l&rsquo;approche indon\u00e9sienne du bien-\u00eatre du corps, du crane par l&rsquo;utilisation de diff\u00e9rentes techniques traditionnelles de Bali, Java, Indon\u00e9sie au Congr\u00e8s d&rsquo;Esth\u00e9tique&#038;Spa de Milan<\/strong>.<\/p>\n<\/div>\n<\/td>\n<td>\n<div class=\"gallery_image_wrapper\">\n\t\t\t\t    \t<img decoding=\"async\" src=\"https:\/\/levillagebalinais.com\/wp-content\/uploads\/2021\/01\/149665_353537121407529_1080091164_n.jpg\" alt=\"\" class=\"horizontal_gallery_img\" data-height=\"75\"\/><\/p>\n<div class=\"image_caption_wrapper\">\n<div class=\"image_caption\"><\/div>\n<\/div>\n<\/div>\n<\/td>\n<td>\n<div class=\"gallery_image_wrapper\">\n\t\t\t\t    \t<img decoding=\"async\" src=\"https:\/\/levillagebalinais.com\/wp-content\/uploads\/2021\/01\/250115_351567334937841_980677919_n.jpg\" alt=\"\" class=\"horizontal_gallery_img\" data-height=\"75\"\/><\/p>\n<div class=\"image_caption_wrapper\">\n<div class=\"image_caption\">Ruth Indiathi est invit\u00e9e \u00e0 Milan pour r\u00e9aliser une d\u00e9monstration de massage balinais et animer un atelier<\/div>\n<\/div>\n<\/div>\n<\/td>\n<td>\n<div class=\"gallery_image_wrapper\">\n\t\t\t\t    \t<img decoding=\"async\" src=\"https:\/\/levillagebalinais.com\/wp-content\/uploads\/2021\/01\/320410_319962011431707_2083592590_n.jpg\" alt=\"\" class=\"horizontal_gallery_img\" data-height=\"75\"\/><\/p>\n<div class=\"image_caption_wrapper\">\n<div class=\"image_caption\">Ruth Indiathi est invit\u00e9e \u00e0 Milan pour r\u00e9aliser une d\u00e9monstration de massage balinais<\/div>\n<\/div>\n<\/div>\n<\/td>\n<td>\n<div class=\"gallery_image_wrapper\">\n\t\t\t\t    \t<img decoding=\"async\" src=\"https:\/\/levillagebalinais.com\/wp-content\/uploads\/2021\/01\/PROGRAMMA-esthetiworld-CON-FOTO-RELATORI_page-0001.jpg\" alt=\"\" class=\"horizontal_gallery_img\" data-height=\"75\"\/><\/p>\n<div class=\"image_caption_wrapper\">\n<div class=\"image_caption\"><\/div>\n<\/div>\n<\/div>\n<\/td>\n<td>\n<div class=\"gallery_image_wrapper\">\n\t\t\t\t    \t<img decoding=\"async\" src=\"https:\/\/levillagebalinais.com\/wp-content\/uploads\/2021\/01\/PROGRAMMA-esthetiworld-CON-FOTO-RELATORI_page-0003_LI.jpg\" alt=\"\" class=\"horizontal_gallery_img\" data-height=\"75\"\/><\/p>\n<div class=\"image_caption_wrapper\">\n<div class=\"image_caption\">Ruth Indiathi est invit\u00e9e \u00e0 Milan pour r\u00e9aliser une d\u00e9monstration de massage balinais <\/div>\n<\/div>\n<\/div>\n<\/td>\n<\/tr>\n<\/tbody>\n<\/table><\/div>\n<\/p><\/div>\n<div class=\"divider one\">&nbsp;<\/div>\n<div class=\"standard_wrapper\">\n<div class=\"one withsmallpadding ppb_line_divider\"  style=\"text-align:center;padding:0px 0 0px 0;\" >\n<div class=\"page_content_wrapper wide\">\n<div class=\"inner\">\n<div class=\"line_divider_border\" style=\"width:100px;\"><\/div>\n<div class=\"line_divider_seperator\"><i class=\"fa fa-leaf\" style=\"\"><\/i><\/div>\n<div class=\"line_divider_border\" style=\"width:100px;\"><\/div>\n<\/div>\n<\/div>\n<\/div>\n<\/div>\n<div class=\"one\" >\n<div class=\"horizontal_gallery\">\n<table class=\"horizontal_gallery_wrapper\">\n<tbody>\n<tr>\n<td class=\"horizontal_gallery_info\">\n<h2 class=\"ppb_title\"> Jamu : garder la ligne et d\u00e9toxification BE 2013<\/h2>\n<div class=\"ppb_header_content\">\n<p><strong>La m\u00e9decine ancestrale javanaise est une m\u00e9decine traditionnelle pr\u00e9ventive et curative \u00e0 part enti\u00e8re<\/strong>. Ruth Indiathi vous fait d\u00e9couvrir ses  recettes d&rsquo;Indon\u00e9sie traditionnelle d&rsquo;esth\u00e9tique et de sant\u00e9 : Le Bubur, le Lulur et le Boreh pour se d\u00e9toxifier apr\u00e8s les f\u00eates, adoucir sa peau et garder la ligne!<\/p>\n<\/div>\n<\/td>\n<td>\n<div class=\"gallery_image_wrapper\">\n\t\t\t\t    \t<img decoding=\"async\" src=\"https:\/\/levillagebalinais.com\/wp-content\/uploads\/2021\/01\/Be-Fevrier-2013-Couv-scaled.jpg\" alt=\"\" class=\"horizontal_gallery_img\" data-height=\"75\"\/><\/p>\n<div class=\"image_caption_wrapper\">\n<div class=\"image_caption\"><\/div>\n<\/div>\n<\/div>\n<\/td>\n<td>\n<div class=\"gallery_image_wrapper\">\n\t\t\t\t    \t<img decoding=\"async\" src=\"https:\/\/levillagebalinais.com\/wp-content\/uploads\/2021\/01\/Be-Fevrier-2013-scaled.jpg\" alt=\"\" class=\"horizontal_gallery_img\" data-height=\"75\"\/><\/p>\n<div class=\"image_caption_wrapper\">\n<div class=\"image_caption\"><\/div>\n<\/div>\n<\/div>\n<\/td>\n<td>\n<div class=\"gallery_image_wrapper\">\n\t\t\t\t    \t<img decoding=\"async\" src=\"https:\/\/levillagebalinais.com\/wp-content\/uploads\/2021\/01\/Be-Fevrier-2013-2.jpg\" alt=\"\" class=\"horizontal_gallery_img\" data-height=\"75\"\/><\/p>\n<div class=\"image_caption_wrapper\">\n<div class=\"image_caption\">Jamu, boreh lulur, jamu, Ruth Indiathi vous initie aux secrets sant\u00e9, esth\u00e9tique et minceur des indon\u00e9siennes.<\/div>\n<\/div>\n<\/div>\n<\/td>\n<\/tr>\n<\/tbody>\n<\/table><\/div>\n<\/p><\/div>\n<div class=\"divider one\">&nbsp;<\/div>\n<div class=\"standard_wrapper\">\n<div class=\"one withsmallpadding ppb_line_divider\"  style=\"text-align:center;padding:0px 0 0px 0;\" >\n<div class=\"page_content_wrapper wide\">\n<div class=\"inner\">\n<div class=\"line_divider_border\" style=\"width:100px;\"><\/div>\n<div class=\"line_divider_seperator\"><i class=\"fa fa-leaf\" style=\"\"><\/i><\/div>\n<div class=\"line_divider_border\" style=\"width:100px;\"><\/div>\n<\/div>\n<\/div>\n<\/div>\n<\/div>\n<div class=\"one\" >\n<div class=\"horizontal_gallery\">\n<table class=\"horizontal_gallery_wrapper\">\n<tbody>\n<tr>\n<td class=\"horizontal_gallery_info\">\n<h2 class=\"ppb_title\">Le bien-\u00eatre pour toutes les femmes!<\/h2>\n<div class=\"ppb_header_content\">\n<p>Ruth Indiathi r\u00e9alise une d\u00e9monstration de massage balinais et fait conna\u00eetre l&rsquo;approche d&rsquo;Indon\u00e9sie  de l&rsquo;esth\u00e9tique, de la coiffure et du bien-\u00eatre  pour entretenir f\u00e9minit\u00e9 et sensualit\u00e9. Une rencontre entre femmes et un partage des secrets de beaut\u00e9 du monde au congr\u00e8s beyong color.<\/p>\n<\/div>\n<\/td>\n<td>\n<div class=\"gallery_image_wrapper\">\n\t\t\t\t    \t<img decoding=\"async\" src=\"https:\/\/levillagebalinais.com\/wp-content\/uploads\/2021\/01\/beyong-beauty-11-2.jpg\" alt=\"\" class=\"horizontal_gallery_img\" data-height=\"75\"\/><\/p>\n<div class=\"image_caption_wrapper\">\n<div class=\"image_caption\"><\/div>\n<\/div>\n<\/div>\n<\/td>\n<td>\n<div class=\"gallery_image_wrapper\">\n\t\t\t\t    \t<img decoding=\"async\" src=\"https:\/\/levillagebalinais.com\/wp-content\/uploads\/2021\/01\/beyong-color-demonstration-du-pliritan-2.jpg\" alt=\"\" class=\"horizontal_gallery_img\" data-height=\"75\"\/><\/p>\n<div class=\"image_caption_wrapper\">\n<div class=\"image_caption\">Village Balinais Presse<\/div>\n<\/div>\n<\/div>\n<\/td>\n<td>\n<div class=\"gallery_image_wrapper\">\n\t\t\t\t    \t<img decoding=\"async\" src=\"https:\/\/levillagebalinais.com\/wp-content\/uploads\/2021\/01\/Beyong-Color-23-2.jpg\" alt=\"\" class=\"horizontal_gallery_img\" data-height=\"75\"\/><\/p>\n<div class=\"image_caption_wrapper\">\n<div class=\"image_caption\"><\/div>\n<\/div>\n<\/div>\n<\/td>\n<\/tr>\n<\/tbody>\n<\/table><\/div>\n<\/p><\/div>\n<div class=\"divider one\">&nbsp;<\/div>\n<div class=\"standard_wrapper\">\n<div class=\"one withsmallpadding ppb_line_divider\"  style=\"text-align:center;padding:0px 0 0px 0;\" >\n<div class=\"page_content_wrapper wide\">\n<div class=\"inner\">\n<div class=\"line_divider_border\" style=\"width:100px;\"><\/div>\n<div class=\"line_divider_seperator\"><i class=\"fa fa-leaf\" style=\"\"><\/i><\/div>\n<div class=\"line_divider_border\" style=\"width:100px;\"><\/div>\n<\/div>\n<\/div>\n<\/div>\n<\/div>\n<div class=\"one\" >\n<div class=\"horizontal_gallery\">\n<table class=\"horizontal_gallery_wrapper\">\n<tbody>\n<tr>\n<td class=\"horizontal_gallery_info\">\n<h2 class=\"ppb_title\">D\u00e9monstration du massage balinais au Mondial Spa<\/h2>\n<div class=\"ppb_header_content\">\n<p><strong>A l&rsquo;honneur, l&rsquo;approche d&rsquo;Indon\u00e9sie du bien-\u00eatre corporel<\/strong>.<br \/>\nRuth Indiathi r\u00e9alise devant les congressistes du Mondial Spa,Paris une <strong>d\u00e9monstration du massage balinais traditionnel Pijat Bali<\/strong>.<\/p>\n<\/div>\n<\/td>\n<td>\n<div class=\"gallery_image_wrapper\">\n\t\t\t\t    \t<img decoding=\"async\" src=\"https:\/\/levillagebalinais.com\/wp-content\/uploads\/2021\/01\/2013-plaquette-FR_pages-to-jpg-0001.jpg\" alt=\"\" class=\"horizontal_gallery_img\" data-height=\"75\"\/><\/p>\n<div class=\"image_caption_wrapper\">\n<div class=\"image_caption\">au 8eme Mondial Spa&amp; Beaut\u00e9, Paris<\/div>\n<\/div>\n<\/div>\n<\/td>\n<td>\n<div class=\"gallery_image_wrapper\">\n\t\t\t\t    \t<img decoding=\"async\" src=\"https:\/\/levillagebalinais.com\/wp-content\/uploads\/2021\/01\/2013-plaquette-FR_pages-to-jpg-0002.jpg\" alt=\"\" class=\"horizontal_gallery_img\" data-height=\"75\"\/><\/p>\n<div class=\"image_caption_wrapper\">\n<div class=\"image_caption\"><\/div>\n<\/div>\n<\/div>\n<\/td>\n<td>\n<div class=\"gallery_image_wrapper\">\n\t\t\t\t    \t<img decoding=\"async\" src=\"https:\/\/levillagebalinais.com\/wp-content\/uploads\/2021\/01\/2013-plaquette-FR_pages-to-jpg-0003.jpg\" alt=\"\" class=\"horizontal_gallery_img\" data-height=\"75\"\/><\/p>\n<div class=\"image_caption_wrapper\">\n<div class=\"image_caption\"><\/div>\n<\/div>\n<\/div>\n<\/td>\n<td>\n<div class=\"gallery_image_wrapper\">\n\t\t\t\t    \t<img decoding=\"async\" src=\"https:\/\/levillagebalinais.com\/wp-content\/uploads\/2021\/01\/0-1mondial-spa-et-beaute-2013-008.jpg\" alt=\"\" class=\"horizontal_gallery_img\" data-height=\"75\"\/><\/p>\n<div class=\"image_caption_wrapper\">\n<div class=\"image_caption\">au 8eme Mondial Spa&amp; Beaut\u00e9, Paris<\/div>\n<\/div>\n<\/div>\n<\/td>\n<td>\n<div class=\"gallery_image_wrapper\">\n\t\t\t\t    \t<img decoding=\"async\" src=\"https:\/\/levillagebalinais.com\/wp-content\/uploads\/2021\/01\/Congres-beyong-beauty-and-color-2013-462.jpg\" alt=\"\" class=\"horizontal_gallery_img\" data-height=\"75\"\/><\/p>\n<div class=\"image_caption_wrapper\">\n<div class=\"image_caption\">Ruth Indiathi r\u00e9alise en 2013 une d\u00e9monstration du massage balinais Pijat Bali devant les esth\u00e9ticiennes du congr\u00e8s \u00e0 Paris, porte de la Villette.<\/div>\n<\/div>\n<\/div>\n<\/td>\n<td>\n<div class=\"gallery_image_wrapper\">\n\t\t\t\t    \t<img decoding=\"async\" src=\"https:\/\/levillagebalinais.com\/wp-content\/uploads\/2021\/01\/Congres-beyong-beauty-and-color-2013-461.jpg\" alt=\"\" class=\"horizontal_gallery_img\" data-height=\"75\"\/><\/p>\n<div class=\"image_caption_wrapper\">\n<div class=\"image_caption\">au 8eme Mondial Spa&amp; Beaut\u00e9, Paris<\/div>\n<\/div>\n<\/div>\n<\/td>\n<\/tr>\n<\/tbody>\n<\/table><\/div>\n<\/p><\/div>\n<div class=\"divider one\">&nbsp;<\/div>\n<div class=\"standard_wrapper\">\n<div class=\"one withsmallpadding ppb_line_divider\"  style=\"text-align:center;padding:0px 0 0px 0;\" >\n<div class=\"page_content_wrapper wide\">\n<div class=\"inner\">\n<div class=\"line_divider_border\" style=\"width:100px;\"><\/div>\n<div class=\"line_divider_seperator\"><i class=\"fa fa-leaf\" style=\"\"><\/i><\/div>\n<div class=\"line_divider_border\" style=\"width:100px;\"><\/div>\n<\/div>\n<\/div>\n<\/div>\n<\/div>\n<div class=\"one\" >\n<div class=\"horizontal_gallery\">\n<table class=\"horizontal_gallery_wrapper\">\n<tbody>\n<tr>\n<td class=\"horizontal_gallery_info\">\n<h2 class=\"ppb_title\">Vie professionnelle : se former aux massages balinais \u00e0 Paris et en immersion \u00e0 Bali<\/h2>\n<div class=\"ppb_header_content\">\n<p><strong>Les professionnels de l&rsquo;esth\u00e9tique et du bien-\u00eatre peuvent se former \u00e0 Paris ou en immersion \u00e0 Bali guid\u00e9e par Ruth Indiathi<\/strong>. Elle leur enseigne l&rsquo;approche indon\u00e9sienne du bien-\u00eatre selon les techniques traditionnelles et les valeurs du Village Balinais Formation, \u00e9cole fond\u00e9e en 2011 d\u00e9di\u00e9e \u00e0 la formation professionnelle.<\/p>\n<\/div>\n<\/td>\n<td>\n<div class=\"gallery_image_wrapper\">\n\t\t\t\t    \t<img decoding=\"async\" src=\"https:\/\/levillagebalinais.com\/wp-content\/uploads\/2021\/01\/01-COUVERTURE-DECEMBRE-2_pages-to-jpg-0001.jpg\" alt=\"\" class=\"horizontal_gallery_img\" data-height=\"75\"\/><\/p>\n<div class=\"image_caption_wrapper\">\n<div class=\"image_caption\"><\/div>\n<\/div>\n<\/div>\n<\/td>\n<td>\n<div class=\"gallery_image_wrapper\">\n\t\t\t\t    \t<img decoding=\"async\" src=\"https:\/\/levillagebalinais.com\/wp-content\/uploads\/2021\/01\/58-72-VIE-PROfessionnelle-1-NE-DEC-18_page-0001.jpg\" alt=\"\" class=\"horizontal_gallery_img\" data-height=\"75\"\/><\/p>\n<div class=\"image_caption_wrapper\">\n<div class=\"image_caption\"><\/div>\n<\/div>\n<\/div>\n<\/td>\n<td>\n<div class=\"gallery_image_wrapper\">\n\t\t\t\t    \t<img decoding=\"async\" src=\"https:\/\/levillagebalinais.com\/wp-content\/uploads\/2021\/01\/58-72-VIE-PROfessionnelle-1-NE-DEC-18_page-0003.jpg\" alt=\"\" class=\"horizontal_gallery_img\" data-height=\"75\"\/><\/p>\n<div class=\"image_caption_wrapper\">\n<div class=\"image_caption\">Village Balinais Presse<\/div>\n<\/div>\n<\/div>\n<\/td>\n<td>\n<div class=\"gallery_image_wrapper\">\n\t\t\t\t    \t<img decoding=\"async\" src=\"https:\/\/levillagebalinais.com\/wp-content\/uploads\/2021\/01\/58-72-VIE-PROfessionnelle-1-NE-DEC-18_page-0004.jpg\" alt=\"\" class=\"horizontal_gallery_img\" data-height=\"75\"\/><\/p>\n<div class=\"image_caption_wrapper\">\n<div class=\"image_caption\"><\/div>\n<\/div>\n<\/div>\n<\/td>\n<td>\n<div class=\"gallery_image_wrapper\">\n\t\t\t\t    \t<img decoding=\"async\" src=\"https:\/\/levillagebalinais.com\/wp-content\/uploads\/2021\/01\/58-72-VIE-PROfessionnelle-1-NE-DEC-18_page-0005.jpg\" alt=\"\" class=\"horizontal_gallery_img\" data-height=\"75\"\/><\/p>\n<div class=\"image_caption_wrapper\">\n<div class=\"image_caption\"><\/div>\n<\/div>\n<\/div>\n<\/td>\n<td>\n<div class=\"gallery_image_wrapper\">\n\t\t\t\t    \t<img decoding=\"async\" src=\"https:\/\/levillagebalinais.com\/wp-content\/uploads\/2021\/01\/58-72-VIE-PROfessionnelle-1-NE-DEC-18_page-0010.jpg\" alt=\"\" class=\"horizontal_gallery_img\" data-height=\"75\"\/><\/p>\n<div class=\"image_caption_wrapper\">\n<div class=\"image_caption\"><\/div>\n<\/div>\n<\/div>\n<\/td>\n<td>\n<div class=\"gallery_image_wrapper\">\n\t\t\t\t    \t<img decoding=\"async\" src=\"https:\/\/levillagebalinais.com\/wp-content\/uploads\/2021\/01\/58-72-VIE-PROfessionnelle-1-NE-DEC-18_page-0013.jpg\" alt=\"\" class=\"horizontal_gallery_img\" data-height=\"75\"\/><\/p>\n<div class=\"image_caption_wrapper\">\n<div class=\"image_caption\"><\/div>\n<\/div>\n<\/div>\n<\/td>\n<\/tr>\n<\/tbody>\n<\/table><\/div>\n<\/p><\/div>\n<div class=\"divider one\">&nbsp;<\/div>\n<div class=\"standard_wrapper\">\n<div class=\"one withsmallpadding ppb_line_divider\"  style=\"text-align:center;padding:0px 0 0px 0;\" >\n<div class=\"page_content_wrapper wide\">\n<div class=\"inner\">\n<div class=\"line_divider_border\" style=\"width:100px;\"><\/div>\n<div class=\"line_divider_seperator\"><i class=\"fa fa-leaf\" style=\"\"><\/i><\/div>\n<div class=\"line_divider_border\" style=\"width:100px;\"><\/div>\n<\/div>\n<\/div>\n<\/div>\n<\/div>\n<div class=\"one\" >\n<div class=\"horizontal_gallery\">\n<table class=\"horizontal_gallery_wrapper\">\n<tbody>\n<tr>\n<td class=\"horizontal_gallery_info\">\n<h2 class=\"ppb_title\">Vie professionnelle : se former au massage cr\u00e2nien Pijat Kepala<\/h2>\n<div class=\"ppb_header_content\">\n<p><strong>Les professionnels de l&rsquo;esth\u00e9tique et du bien-\u00eatre initi\u00e9s aux techniques traditionnelles d&rsquo;Indon\u00e9sie de relaxation du crane, de la nuque et des \u00e9paules<\/strong> .<\/p>\n<\/div>\n<\/td>\n<td>\n<div class=\"gallery_image_wrapper\">\n\t\t\t\t    \t<img decoding=\"async\" src=\"https:\/\/levillagebalinais.com\/wp-content\/uploads\/2021\/01\/01-COUVERTURE_page-0001.jpg\" alt=\"\" class=\"horizontal_gallery_img\" data-height=\"75\"\/><\/p>\n<div class=\"image_caption_wrapper\">\n<div class=\"image_caption\">Ruth Indiathi r\u00e9alise une d\u00e9monstration tr\u00e8s attendue du massage cranien Pijat KEPALA au congr\u00e8s internationale d&#039;Esth\u00e9tique et Spa en 2017.<\/div>\n<\/div>\n<\/div>\n<\/td>\n<td>\n<div class=\"gallery_image_wrapper\">\n\t\t\t\t    \t<img decoding=\"async\" src=\"https:\/\/levillagebalinais.com\/wp-content\/uploads\/2021\/01\/100-104-MASSAGE-CUIR-CHEVELU-MARS-2017-NOUVELLES-ESTHETIQUES_page-0001.jpg\" alt=\"\" class=\"horizontal_gallery_img\" data-height=\"75\"\/><\/p>\n<div class=\"image_caption_wrapper\">\n<div class=\"image_caption\">L&#039;organisme de formation professionnel du Village Balinais Formation initie les esth\u00e9tciennes du journal des Nouvelles Esth\u00e9tiques aux techniques traditionnelles d&#039;Indon\u00e9sie.<\/div>\n<\/div>\n<\/div>\n<\/td>\n<td>\n<div class=\"gallery_image_wrapper\">\n\t\t\t\t    \t<img decoding=\"async\" src=\"https:\/\/levillagebalinais.com\/wp-content\/uploads\/2021\/01\/100-104-MASSAGE-CUIR-CHEVELU-MARS-2017-NOUVELLES-ESTHETIQUES_page-0002.jpg\" alt=\"\" class=\"horizontal_gallery_img\" data-height=\"75\"\/><\/p>\n<div class=\"image_caption_wrapper\">\n<div class=\"image_caption\">L&#039;organisme de formation professionnel du Village Balinais Formation est dans la presse et partage son savoir faire en mati\u00e8re de massage cranien.<\/div>\n<\/div>\n<\/div>\n<\/td>\n<td>\n<div class=\"gallery_image_wrapper\">\n\t\t\t\t    \t<img decoding=\"async\" src=\"https:\/\/levillagebalinais.com\/wp-content\/uploads\/2021\/01\/100-104-MASSAGE-CUIR-CHEVELU-MARS-2017-NOUVELLES-ESTHETIQUES_page-0003.jpg\" alt=\"\" class=\"horizontal_gallery_img\" data-height=\"75\"\/><\/p>\n<div class=\"image_caption_wrapper\">\n<div class=\"image_caption\">Ruth Indiathi d\u00e9voile quelques manoeuvres intervenant dans la r\u00e9alisation du massage balinais cr\u00e2nien Pijat Kepala.<\/div>\n<\/div>\n<\/div>\n<\/td>\n<td>\n<div class=\"gallery_image_wrapper\">\n\t\t\t\t    \t<img decoding=\"async\" src=\"https:\/\/levillagebalinais.com\/wp-content\/uploads\/2021\/01\/100-104-MASSAGE-CUIR-CHEVELU-MARS-2017-NOUVELLES-ESTHETIQUES_page-0004.jpg\" alt=\"\" class=\"horizontal_gallery_img\" data-height=\"75\"\/><\/p>\n<div class=\"image_caption_wrapper\">\n<div class=\"image_caption\">Le Village Balinais est un organisme de formation qui d\u00e9livre son enseignement et son expertise dans les massages balinais depuis 2011.<\/div>\n<\/div>\n<\/div>\n<\/td>\n<\/tr>\n<\/tbody>\n<\/table><\/div>\n<\/p><\/div>\n<div class=\"divider one\">&nbsp;<\/div>\n<div class=\"standard_wrapper\">\n<div class=\"one withsmallpadding ppb_line_divider\"  style=\"text-align:center;padding:0px 0 0px 0;\" >\n<div class=\"page_content_wrapper wide\">\n<div class=\"inner\">\n<div class=\"line_divider_border\" style=\"width:100px;\"><\/div>\n<div class=\"line_divider_seperator\"><i class=\"fa fa-leaf\" style=\"\"><\/i><\/div>\n<div class=\"line_divider_border\" style=\"width:100px;\"><\/div>\n<\/div>\n<\/div>\n<\/div>\n<\/div>\n<div class=\"one\" >\n<div class=\"horizontal_gallery\">\n<table class=\"horizontal_gallery_wrapper\">\n<tbody>\n<tr>\n<td class=\"horizontal_gallery_info\">\n<h2 class=\"ppb_title\">Vie professionnelle,  se former aux Jamus d&#039;Indon\u00e9sie<\/h2>\n<div class=\"ppb_header_content\">\n<p><strong>Boissons d\u00e9toxifiantes \u00e0 base de racines, m\u00e9decine alternative, les Jamus d&rsquo;Indon\u00e9sie sont consomm\u00e9s par la grande majorit\u00e9 des indon\u00e9siens<\/strong>. <strong>Un temps Jamu en compl\u00e9ment des des s\u00e9ances de massages Pijat Bali est recommand\u00e9 par le Village Balinais pour la client\u00e8le<\/strong> : Booster son syst\u00e8me immunitaire et d\u00e9toxifier le corps de mani\u00e8re naturelle.<\/p>\n<\/div>\n<\/td>\n<td>\n<div class=\"gallery_image_wrapper\">\n\t\t\t\t    \t<img decoding=\"async\" src=\"https:\/\/levillagebalinais.com\/wp-content\/uploads\/2021\/01\/JAMU-OR-VERT-D-INDONESIE-JAN-18_page-0001-2.jpg\" alt=\"\" class=\"horizontal_gallery_img\" data-height=\"75\"\/><\/p>\n<div class=\"image_caption_wrapper\">\n<div class=\"image_caption\"><\/div>\n<\/div>\n<\/div>\n<\/td>\n<td>\n<div class=\"gallery_image_wrapper\">\n\t\t\t\t    \t<img decoding=\"async\" src=\"https:\/\/levillagebalinais.com\/wp-content\/uploads\/2021\/01\/JAMU-NE-JAN-18_page-0003-3_LI.jpg\" alt=\"\" class=\"horizontal_gallery_img\" data-height=\"75\"\/><\/p>\n<div class=\"image_caption_wrapper\">\n<div class=\"image_caption\">Article sur la biodiversit\u00e9, l&#039;usage des Jamus et leurs places dans la soci\u00e9t\u00e9 indon\u00e9sienne \u00e0 Bali et \u00e0 Jakarta, Indon\u00e9sie<\/div>\n<\/div>\n<\/div>\n<\/td>\n<td>\n<div class=\"gallery_image_wrapper\">\n\t\t\t\t    \t<img decoding=\"async\" src=\"https:\/\/levillagebalinais.com\/wp-content\/uploads\/2021\/01\/JAMU-NE-JAN-18_page-0003-2.jpg\" alt=\"\" class=\"horizontal_gallery_img\" data-height=\"75\"\/><\/p>\n<div class=\"image_caption_wrapper\">\n<div class=\"image_caption\">L&#039;Indon\u00e9sie invit\u00e9e d&#039;honneur au congr\u00e8s internatinal d&#039;esth\u00e9tique<\/div>\n<\/div>\n<\/div>\n<\/td>\n<\/tr>\n<\/tbody>\n<\/table><\/div>\n<\/p><\/div>\n<div class=\"divider one\">&nbsp;<\/div>\n<div class=\"standard_wrapper\">\n<div class=\"one withsmallpadding ppb_line_divider\"  style=\"text-align:center;padding:0px 0 0px 0;\" >\n<div class=\"page_content_wrapper wide\">\n<div class=\"inner\">\n<div class=\"line_divider_border\" style=\"width:100px;\"><\/div>\n<div class=\"line_divider_seperator\"><i class=\"fa fa-leaf\" style=\"\"><\/i><\/div>\n<div class=\"line_divider_border\" style=\"width:100px;\"><\/div>\n<\/div>\n<\/div>\n<\/div>\n<\/div>\n<div class=\"one\" >\n<div class=\"horizontal_gallery\">\n<table class=\"horizontal_gallery_wrapper\">\n<tbody>\n<tr>\n<td class=\"horizontal_gallery_info\">\n<h2 class=\"ppb_title\">j&#039;ai test\u00e9 les spas de Bali, Java, Indon\u00e9sie<\/h2>\n<div class=\"ppb_header_content\">\n<p>Tous les spas et les retraites de Bali ne se valent pas encore moins tous les massages balinais dit Pijat ou Urut \u00e0 Bali. Du spa de quartier fr\u00e9quent\u00e9s par les Indon\u00e9siens, aux spas pour touristes ou \u00e0 ceux s&rsquo;int\u00e9grant judicieusement dans des retraites, aux spas traditionnels ou modernes adoss\u00e9s \u00e0 des hotels \u00e9co-lodge ou de luxe, l&rsquo;univers du bien-\u00eatre de Bali peut faire tourner la t\u00eate. <strong>Ruth Indiathi \u00e9value les spas et retraites d&rsquo;Indon\u00e9sie selon les valeurs du Village Balinais<\/strong><\/p>\n<\/div>\n<\/td>\n<td>\n<div class=\"gallery_image_wrapper\">\n\t\t\t\t    \t<img decoding=\"async\" src=\"https:\/\/levillagebalinais.com\/wp-content\/uploads\/2021\/01\/1-COUV-SPA-ET-BEAUTE-JAN-18-1-1-rotated.jpg\" alt=\"\" class=\"horizontal_gallery_img\" data-height=\"75\"\/><\/p>\n<div class=\"image_caption_wrapper\">\n<div class=\"image_caption\">J&#039;ai test\u00e9 les massages balinais \u00e0 Bali pour la presse de France<\/div>\n<\/div>\n<\/div>\n<\/td>\n<td>\n<div class=\"gallery_image_wrapper\">\n\t\t\t\t    \t<img decoding=\"async\" src=\"https:\/\/levillagebalinais.com\/wp-content\/uploads\/2021\/01\/2-J-AI-TESTE-SPA-ET-BEAUTE-JAN-18-1-1-rotated.jpg\" alt=\"\" class=\"horizontal_gallery_img\" data-height=\"75\"\/><\/p>\n<div class=\"image_caption_wrapper\">\n<div class=\"image_caption\">J&#039;ai test\u00e9 les massages balinais \u00e0 Bali, Ruth Indiathi<\/div>\n<\/div>\n<\/div>\n<\/td>\n<td>\n<div class=\"gallery_image_wrapper\">\n\t\t\t\t    \t<img decoding=\"async\" src=\"https:\/\/levillagebalinais.com\/wp-content\/uploads\/2021\/01\/3-J-AI-TESTE-SPA-ET-BEAUTE-JAN-18-1.jpg\" alt=\"\" class=\"horizontal_gallery_img\" data-height=\"75\"\/><\/p>\n<div class=\"image_caption_wrapper\">\n<div class=\"image_caption\"><\/div>\n<\/div>\n<\/div>\n<\/td>\n<td>\n<div class=\"gallery_image_wrapper\">\n\t\t\t\t    \t<img decoding=\"async\" src=\"https:\/\/levillagebalinais.com\/wp-content\/uploads\/2021\/01\/4-J-AI-TESTE-SPA-ET-BEAUTE-JAN-18-1.jpg\" alt=\"\" class=\"horizontal_gallery_img\" data-height=\"75\"\/><\/p>\n<div class=\"image_caption_wrapper\">\n<div class=\"image_caption\">J&#039;ai test\u00e9 le masssage balinais cr\u00e2nien Creambath \u00e0 Bali, Indon\u00e9sie<\/div>\n<\/div>\n<\/div>\n<\/td>\n<td>\n<div class=\"gallery_image_wrapper\">\n\t\t\t\t    \t<img decoding=\"async\" src=\"https:\/\/levillagebalinais.com\/wp-content\/uploads\/2021\/01\/6-2-J-AI-TESTE-SPA-ET-BEAUTE-JAN-18-1.jpg\" alt=\"\" class=\"horizontal_gallery_img\" data-height=\"75\"\/><\/p>\n<div class=\"image_caption_wrapper\">\n<div class=\"image_caption\">J&#039;ai test\u00e9 les spas de Yogjakarta, Java, Indon\u00e9sie<\/div>\n<\/div>\n<\/div>\n<\/td>\n<td>\n<div class=\"gallery_image_wrapper\">\n\t\t\t\t    \t<img decoding=\"async\" src=\"https:\/\/levillagebalinais.com\/wp-content\/uploads\/2021\/01\/5-2-J-AI-TESTE-SPA-ET-BEAUTE-JAN-18-1-1.jpg\" alt=\"\" class=\"horizontal_gallery_img\" data-height=\"75\"\/><\/p>\n<div class=\"image_caption_wrapper\">\n<div class=\"image_caption\">J&#039;ai test\u00e9 les massages balinais et les rituels \u00e0 Yogjakarta, Java, indon\u00e9sie<\/div>\n<\/div>\n<\/div>\n<\/td>\n<\/tr>\n<\/tbody>\n<\/table><\/div>\n<\/p><\/div>\n<div class=\"divider one\">&nbsp;<\/div>\n<div class=\"standard_wrapper\">\n<div class=\"one withsmallpadding ppb_line_divider\"  style=\"text-align:center;padding:0px 0 0px 0;\" >\n<div class=\"page_content_wrapper wide\">\n<div class=\"inner\">\n<div class=\"line_divider_border\" style=\"width:100px;\"><\/div>\n<div class=\"line_divider_seperator\"><i class=\"fa fa-leaf\" style=\"\"><\/i><\/div>\n<div class=\"line_divider_border\" style=\"width:100px;\"><\/div>\n<\/div>\n<\/div>\n<\/div>\n<\/div>\n<div class=\"one\" >\n<div class=\"horizontal_gallery\">\n<table class=\"horizontal_gallery_wrapper\">\n<tbody>\n<tr>\n<td class=\"horizontal_gallery_info\">\n<h2 class=\"ppb_title\">J&#039;ai test\u00e9 les spas de Bali f\u00e9vrier 2018<\/h2>\n<div class=\"ppb_header_content\">\n<p><strong>J&rsquo;ai test\u00e9 les massages balinais, spas et retraites de luxe dans les \u00e9nergies de Bali :<br \/>\nRetraite moderne immerg\u00e9e dans la jungle d&rsquo;Ubud versus Hotel\/spa traditionnel et historique en bord de mer \u00e0 Cannggu.<\/strong> <\/p>\n<\/div>\n<\/td>\n<td>\n<div class=\"gallery_image_wrapper\">\n\t\t\t\t    \t<img decoding=\"async\" src=\"https:\/\/levillagebalinais.com\/wp-content\/uploads\/2021\/01\/7-COUV-SPA-ET-BEAUTE-FEV-18.jpg\" alt=\"\" class=\"horizontal_gallery_img\" data-height=\"75\"\/><\/p>\n<div class=\"image_caption_wrapper\">\n<div class=\"image_caption\">Un nouvel article &#039;j&#039;ai test\u00e9 les spas et retraites \u00e0 Bali&quot; par Ruth Indiathi<\/div>\n<\/div>\n<\/div>\n<\/td>\n<td>\n<div class=\"gallery_image_wrapper\">\n\t\t\t\t    \t<img decoding=\"async\" src=\"https:\/\/levillagebalinais.com\/wp-content\/uploads\/2021\/01\/8-28-31-JAI-TESTE-SPA-ET-BEAUTE-FEVRIER-2018.jpg\" alt=\"\" class=\"horizontal_gallery_img\" data-height=\"75\"\/><\/p>\n<div class=\"image_caption_wrapper\">\n<div class=\"image_caption\">Ruth Indiathi explore la diversit\u00e9 des pratiques des massages et rituels \u00e0 Bali et transmet dans son enseignement ses d\u00e9couvertes.<\/div>\n<\/div>\n<\/div>\n<\/td>\n<td>\n<div class=\"gallery_image_wrapper\">\n\t\t\t\t    \t<img decoding=\"async\" src=\"https:\/\/levillagebalinais.com\/wp-content\/uploads\/2021\/01\/9-28-31-JAI-TESTE-SPA-ET-BEAUTE-FEVRIER-20182.jpg\" alt=\"\" class=\"horizontal_gallery_img\" data-height=\"75\"\/><\/p>\n<div class=\"image_caption_wrapper\">\n<div class=\"image_caption\">Ruth Indiathi explore la diversit\u00e9 des pratiques dans les saps et retraites de luxe \u00e0 Bali et transmet son enseignement \u00e0 ses \u00e9l\u00e8ves et dans la presse.<\/div>\n<\/div>\n<\/div>\n<\/td>\n<td>\n<div class=\"gallery_image_wrapper\">\n\t\t\t\t    \t<img decoding=\"async\" src=\"https:\/\/levillagebalinais.com\/wp-content\/uploads\/2021\/01\/10-28-31-JAI-TESTE-SPA-ET-BEAUTE-FEVRIER-20183.jpg\" alt=\"\" class=\"horizontal_gallery_img\" data-height=\"75\"\/><\/p>\n<div class=\"image_caption_wrapper\">\n<div class=\"image_caption\">J&#039;ai test\u00e9 les spas et retraites de Bali de luxe<br \/>\nRuth Indiathi<\/div>\n<\/div>\n<\/div>\n<\/td>\n<td>\n<div class=\"gallery_image_wrapper\">\n\t\t\t\t    \t<img decoding=\"async\" src=\"https:\/\/levillagebalinais.com\/wp-content\/uploads\/2021\/01\/11-28-31-JAI-TESTE-SPA-ET-BEAUTE-FEVRIER-20184.jpg\" alt=\"\" class=\"horizontal_gallery_img\" data-height=\"75\"\/><\/p>\n<div class=\"image_caption_wrapper\">\n<div class=\"image_caption\">J&#039;ai test\u00e9 les massages balinais, spas et retraites de Bali de luxe<br \/>\nRuth Indiathi autrice<\/div>\n<\/div>\n<\/div>\n<\/td>\n<\/tr>\n<\/tbody>\n<\/table><\/div>\n<\/p><\/div>\n<div class=\"divider one\">&nbsp;<\/div>\n<div class=\"standard_wrapper\">\n<div class=\"one withsmallpadding ppb_line_divider\"  style=\"text-align:center;padding:0px 0 0px 0;\" >\n<div class=\"page_content_wrapper wide\">\n<div class=\"inner\">\n<div class=\"line_divider_border\" style=\"width:100px;\"><\/div>\n<div class=\"line_divider_seperator\"><i class=\"fa fa-leaf\" style=\"\"><\/i><\/div>\n<div class=\"line_divider_border\" style=\"width:100px;\"><\/div>\n<\/div>\n<\/div>\n<\/div>\n<\/div>\n<div class=\"one\" >\n<div class=\"horizontal_gallery\">\n<table class=\"horizontal_gallery_wrapper\">\n<tbody>\n<tr>\n<td class=\"horizontal_gallery_info\">\n<h2 class=\"ppb_title\">J&#039;ai test\u00e9 les spas de Bali D\u00e9cembre 2018<\/h2>\n<div class=\"ppb_header_content\">\n<p>A la d\u00e9couverte des spas et retraites de l&rsquo;Indon\u00e9sie dans les \u00e9nergies de Bali, Java.<br \/>\nDu spa de mes d\u00e9buts \u00e0 Blitar, Java \u00e0 <strong>une retraite eco-lodge \u00e0 Bali qui va \u00e0 l&rsquo;essentiel<\/strong> : yoga, traitement naturel, massage traditionnel, repas v\u00e9gan tir\u00e9 du potager.<\/p>\n<\/div>\n<\/td>\n<td>\n<div class=\"gallery_image_wrapper\">\n\t\t\t\t    \t<img decoding=\"async\" src=\"https:\/\/levillagebalinais.com\/wp-content\/uploads\/2021\/01\/1-PAGE-DE-GARDE-SPA-DE-BEAUTE-DEC-18.png\" alt=\"\" class=\"horizontal_gallery_img\" data-height=\"75\"\/><\/p>\n<div class=\"image_caption_wrapper\">\n<div class=\"image_caption\">J&#039;ai test\u00e9 les spas de Bali<\/div>\n<\/div>\n<\/div>\n<\/td>\n<td>\n<div class=\"gallery_image_wrapper\">\n\t\t\t\t    \t<img decoding=\"async\" src=\"https:\/\/levillagebalinais.com\/wp-content\/uploads\/2021\/01\/2-SPA-DE-BEAUTE-SOMMAIRE.png\" alt=\"\" class=\"horizontal_gallery_img\" data-height=\"75\"\/><\/p>\n<div class=\"image_caption_wrapper\">\n<div class=\"image_caption\"><\/div>\n<\/div>\n<\/div>\n<\/td>\n<td>\n<div class=\"gallery_image_wrapper\">\n\t\t\t\t    \t<img decoding=\"async\" src=\"https:\/\/levillagebalinais.com\/wp-content\/uploads\/2021\/01\/3-1-SPA-DE-BEAUTE-SOIN-VISAGE-BALI-ET-JAVA.png\" alt=\"\" class=\"horizontal_gallery_img\" data-height=\"75\"\/><\/p>\n<div class=\"image_caption_wrapper\">\n<div class=\"image_caption\">Ruth Indiathi \u00e9value les massages et soins de Bali<\/div>\n<\/div>\n<\/div>\n<\/td>\n<td>\n<div class=\"gallery_image_wrapper\">\n\t\t\t\t    \t<img decoding=\"async\" src=\"https:\/\/levillagebalinais.com\/wp-content\/uploads\/2021\/01\/3-2SPA-DE-BEAUTE-SOIN-VISAGE-BALI-ET-JAVA2.png\" alt=\"\" class=\"horizontal_gallery_img\" data-height=\"75\"\/><\/p>\n<div class=\"image_caption_wrapper\">\n<div class=\"image_caption\">j&#039;ai test\u00e9 les massages et soins de Java et Bali, Indon\u00e9sie<\/div>\n<\/div>\n<\/div>\n<\/td>\n<td>\n<div class=\"gallery_image_wrapper\">\n\t\t\t\t    \t<img decoding=\"async\" src=\"https:\/\/levillagebalinais.com\/wp-content\/uploads\/2021\/01\/3-3SPA-DE-BEAUTE-SOIN-VISAGE-BALI-ET-JAVA3.png\" alt=\"\" class=\"horizontal_gallery_img\" data-height=\"75\"\/><\/p>\n<div class=\"image_caption_wrapper\">\n<div class=\"image_caption\">j&#039;ai test\u00e9 les massages, les soins, les spas et les retraites de Bali <\/div>\n<\/div>\n<\/div>\n<\/td>\n<td>\n<div class=\"gallery_image_wrapper\">\n\t\t\t\t    \t<img decoding=\"async\" src=\"https:\/\/levillagebalinais.com\/wp-content\/uploads\/2021\/01\/3-4SPA-DE-BEAUTE-SOIN-VISAGE-BALI-ET-JAVA4.png\" alt=\"\" class=\"horizontal_gallery_img\" data-height=\"75\"\/><\/p>\n<div class=\"image_caption_wrapper\">\n<div class=\"image_caption\">J&#039;ai test\u00e9 les spas de Bali<\/div>\n<\/div>\n<\/div>\n<\/td>\n<\/tr>\n<\/tbody>\n<\/table><\/div>\n<\/p><\/div>\n<div class=\"divider one\">&nbsp;<\/div>\n<div class=\"standard_wrapper\">\n<div class=\"one withsmallpadding ppb_line_divider\"  style=\"text-align:center;padding:0px 0 0px 0;\" >\n<div class=\"page_content_wrapper wide\">\n<div class=\"inner\">\n<div class=\"line_divider_border\" style=\"width:100px;\"><\/div>\n<div class=\"line_divider_seperator\"><i class=\"fa fa-leaf\" style=\"\"><\/i><\/div>\n<div class=\"line_divider_border\" style=\"width:100px;\"><\/div>\n<\/div>\n<\/div>\n<\/div>\n<\/div>\n<div class=\"one\" >\n<div class=\"horizontal_gallery\">\n<table class=\"horizontal_gallery_wrapper\">\n<tbody>\n<tr>\n<td class=\"horizontal_gallery_info\">\n<h2 class=\"ppb_title\">Vie professionnelle : atelier massage balinais au 49eme Congr\u00e8s Esth\u00e9tique&amp;Spa 2019<\/h2>\n<div class=\"ppb_header_content\">\n<p>Les professionnels, esth\u00e9ticiennes, spa-praticiennes, masseurs d\u00e9couvrent les techniques traditionnelles du massage balinais <strong>Pijat Bali pour relaxer nuque, ventre, bras et dos<\/strong>. Atelier anim\u00e9e par Ruth Indiathi pour le Village Balinais Formation. Au CNE 2019, Porte de Versailles, Paris, France.<\/p>\n<\/div>\n<\/td>\n<td>\n<div class=\"gallery_image_wrapper\">\n\t\t\t\t    \t<img decoding=\"async\" src=\"https:\/\/levillagebalinais.com\/wp-content\/uploads\/2021\/01\/0-logo-congres-49.jpg\" alt=\"\" class=\"horizontal_gallery_img\" data-height=\"75\"\/><\/p>\n<div class=\"image_caption_wrapper\">\n<div class=\"image_caption\"><\/div>\n<\/div>\n<\/div>\n<\/td>\n<td>\n<div class=\"gallery_image_wrapper\">\n\t\t\t\t    \t<img decoding=\"async\" src=\"https:\/\/levillagebalinais.com\/wp-content\/uploads\/2021\/01\/19-CNE-7-AVRIL-19-PB-SO-2.jpg\" alt=\"\" class=\"horizontal_gallery_img\" data-height=\"75\"\/><\/p>\n<div class=\"image_caption_wrapper\">\n<div class=\"image_caption\">Ruth Indiathi<\/div>\n<\/div>\n<\/div>\n<\/td>\n<td>\n<div class=\"gallery_image_wrapper\">\n\t\t\t\t    \t<img decoding=\"async\" src=\"https:\/\/levillagebalinais.com\/wp-content\/uploads\/2021\/01\/28-CNE-7-AVRIL-19-PB-SO-.jpg\" alt=\"\" class=\"horizontal_gallery_img\" data-height=\"75\"\/><\/p>\n<div class=\"image_caption_wrapper\">\n<div class=\"image_caption\"><\/div>\n<\/div>\n<\/div>\n<\/td>\n<td>\n<div class=\"gallery_image_wrapper\">\n\t\t\t\t    \t<img decoding=\"async\" src=\"https:\/\/levillagebalinais.com\/wp-content\/uploads\/2021\/01\/28-CNE-7-AVRIL-19-PB-SO.jpg\" alt=\"\" class=\"horizontal_gallery_img\" data-height=\"75\"\/><\/p>\n<div class=\"image_caption_wrapper\">\n<div class=\"image_caption\"><\/div>\n<\/div>\n<\/div>\n<\/td>\n<td>\n<div class=\"gallery_image_wrapper\">\n\t\t\t\t    \t<img decoding=\"async\" src=\"https:\/\/levillagebalinais.com\/wp-content\/uploads\/2021\/01\/24-CNE-7-AVRIL-19-PB-SO-.jpg\" alt=\"\" class=\"horizontal_gallery_img\" data-height=\"75\"\/><\/p>\n<div class=\"image_caption_wrapper\">\n<div class=\"image_caption\"><\/div>\n<\/div>\n<\/div>\n<\/td>\n<td>\n<div class=\"gallery_image_wrapper\">\n\t\t\t\t    \t<img decoding=\"async\" src=\"https:\/\/levillagebalinais.com\/wp-content\/uploads\/2021\/01\/30-CNE-7-AVRIL-19-PB-SO.jpg\" alt=\"\" class=\"horizontal_gallery_img\" data-height=\"75\"\/><\/p>\n<div class=\"image_caption_wrapper\">\n<div class=\"image_caption\">Ruth indiathi anime un atelier Pijat Bali pour les esth\u00e9ticiennes du congr\u00e8s, porte de Versailles, Paris, France.<\/div>\n<\/div>\n<\/div>\n<\/td>\n<td>\n<div class=\"gallery_image_wrapper\">\n\t\t\t\t    \t<img decoding=\"async\" src=\"https:\/\/levillagebalinais.com\/wp-content\/uploads\/2021\/01\/20190407_124223.jpg\" alt=\"\" class=\"horizontal_gallery_img\" data-height=\"75\"\/><\/p>\n<div class=\"image_caption_wrapper\">\n<div class=\"image_caption\">Ruth Indiathi anime l&#039;atelier de massage balinais traditionnel Pijat Bali pour r\u00e9pondre aux besoins des esth\u00e9ticiennes.<\/div>\n<\/div>\n<\/div>\n<\/td>\n<td>\n<div class=\"gallery_image_wrapper\">\n\t\t\t\t    \t<img decoding=\"async\" src=\"https:\/\/levillagebalinais.com\/wp-content\/uploads\/2021\/01\/20190407_124240.jpg\" alt=\"\" class=\"horizontal_gallery_img\" data-height=\"75\"\/><\/p>\n<div class=\"image_caption_wrapper\">\n<div class=\"image_caption\">Ruth Indiathi anime un atelier massage balinais et pr\u00e9sente les techniques traditionnelles dos et ventre pour soulager raideur nuquale, ballonement; douleur du dos.<\/div>\n<\/div>\n<\/div>\n<\/td>\n<td>\n<div class=\"gallery_image_wrapper\">\n\t\t\t\t    \t<img decoding=\"async\" src=\"https:\/\/levillagebalinais.com\/wp-content\/uploads\/2021\/01\/20190407_124301.jpg\" alt=\"\" class=\"horizontal_gallery_img\" data-height=\"75\"\/><\/p>\n<div class=\"image_caption_wrapper\">\n<div class=\"image_caption\">Ruth Indiathi pr\u00e9sente les techniques dos et ventre du Pijat Bali aux esth\u00e9ticiennes de France.<\/div>\n<\/div>\n<\/div>\n<\/td>\n<\/tr>\n<\/tbody>\n<\/table><\/div>\n<\/p><\/div>\n<div class=\"divider one\">&nbsp;<\/div>\n<div class=\"standard_wrapper\">\n<div class=\"one withsmallpadding ppb_line_divider\"  style=\"text-align:center;padding:0px 0 0px 0;\" >\n<div class=\"page_content_wrapper wide\">\n<div class=\"inner\">\n<div class=\"line_divider_border\" style=\"width:100px;\"><\/div>\n<div class=\"line_divider_seperator\"><i class=\"fa fa-leaf\" style=\"\"><\/i><\/div>\n<div class=\"line_divider_border\" style=\"width:100px;\"><\/div>\n<\/div>\n<\/div>\n<\/div>\n<\/div>\n<div class=\"one\" >\n<div class=\"horizontal_gallery\">\n<table class=\"horizontal_gallery_wrapper\">\n<tbody>\n<tr>\n<td class=\"horizontal_gallery_info\">\n<h2 class=\"ppb_title\">Massage Balinais du visage  Muka<\/h2>\n<div class=\"ppb_header_content\">\n<p>Les professionnels de l&rsquo;esth\u00e9tique d\u00e9couvrent dans le journal des Nouvelles Esth\u00e9tiques de Mai 2019 certaines man\u0153uvres traditionnels entrant dans <strong>le soin balinais du visage Muka<\/strong>. <strong>Ultra-relaxantes manoeuvres en notes de piano<\/strong>&#8230;. Pr\u00e9sent\u00e9e par Ruth Indiathi, Village Balinais Formation<\/p>\n<\/div>\n<\/td>\n<td>\n<div class=\"gallery_image_wrapper\">\n\t\t\t\t    \t<img decoding=\"async\" src=\"https:\/\/levillagebalinais.com\/wp-content\/uploads\/2021\/01\/01-COUVERTURE-LNE725-Mai-2019_page-0001.jpg\" alt=\"\" class=\"horizontal_gallery_img\" data-height=\"75\"\/><\/p>\n<div class=\"image_caption_wrapper\">\n<div class=\"image_caption\"><\/div>\n<\/div>\n<\/div>\n<\/td>\n<td>\n<div class=\"gallery_image_wrapper\">\n\t\t\t\t    \t<img decoding=\"async\" src=\"https:\/\/levillagebalinais.com\/wp-content\/uploads\/2021\/01\/18-21-MASSAGE-Puka-Pijat_page-0001.jpg\" alt=\"\" class=\"horizontal_gallery_img\" data-height=\"75\"\/><\/p>\n<div class=\"image_caption_wrapper\">\n<div class=\"image_caption\">Pour le journal des Nouvelles Esth\u00e9tiques, Ruth Indiathi transmet quelques manoeuvres qui interviennent dans la r\u00e9alisation du Facial ou Muka visage de Bali.<\/div>\n<\/div>\n<\/div>\n<\/td>\n<td>\n<div class=\"gallery_image_wrapper\">\n\t\t\t\t    \t<img decoding=\"async\" src=\"https:\/\/levillagebalinais.com\/wp-content\/uploads\/2021\/01\/18-21-MASSAGE-Puka-Pijat_page-0003.jpg\" alt=\"\" class=\"horizontal_gallery_img\" data-height=\"75\"\/><\/p>\n<div class=\"image_caption_wrapper\">\n<div class=\"image_caption\">H\u00e9ritage du bien-\u00eatre d&#039;Indon\u00e9sie.<br \/>\nEnseignement de quelques manoeuvres du Facial ou Muka du visage de Bali.<\/div>\n<\/div>\n<\/div>\n<\/td>\n<td>\n<div class=\"gallery_image_wrapper\">\n\t\t\t\t    \t<img decoding=\"async\" src=\"https:\/\/levillagebalinais.com\/wp-content\/uploads\/2021\/01\/18-21-MASSAGE-Puka-Pijat_page-0002.jpg\" alt=\"\" class=\"horizontal_gallery_img\" data-height=\"75\"\/><\/p>\n<div class=\"image_caption_wrapper\">\n<div class=\"image_caption\">H\u00e9ritage du bien-\u00eatre d&#039;Indon\u00e9sie.<br \/>\nEnseignement de quelques manoeuvres du Facial ou Muka du visage de Bali<\/div>\n<\/div>\n<\/div>\n<\/td>\n<\/tr>\n<\/tbody>\n<\/table><\/div>\n<\/p><\/div>\n<div class=\"divider one\">&nbsp;<\/div>\n<div class=\"standard_wrapper\">\n<div class=\"one withsmallpadding ppb_line_divider\"  style=\"text-align:center;padding:0px 0 0px 0;\" >\n<div class=\"page_content_wrapper wide\">\n<div class=\"inner\">\n<div class=\"line_divider_border\" style=\"width:100px;\"><\/div>\n<div class=\"line_divider_seperator\"><i class=\"fa fa-leaf\" style=\"\"><\/i><\/div>\n<div class=\"line_divider_border\" style=\"width:100px;\"><\/div>\n<\/div>\n<\/div>\n<\/div>\n<\/div>\n<div class=\"one\" >\n<div class=\"horizontal_gallery\">\n<table class=\"horizontal_gallery_wrapper\">\n<tbody>\n<tr>\n<td class=\"horizontal_gallery_info\">\n<h2 class=\"ppb_title\">j&#039;ai test\u00e9 les spas de Bali <\/h2>\n<div class=\"ppb_header_content\">\n<p>Si il y a bien une chose qui unit les fran\u00e7ais, c&rsquo;est leur besoin profond de ressourcement. La mani\u00e8re de se relaxer quant \u00e0 elle change. Et en effet, si il y a bien un moyen de retrouver paix, amour et sentiment d&rsquo;appartenance c&rsquo;est d&#8217;emprunter les chemins qui conduisent \u00e0 la d\u00e9tente du corps et de l&rsquo;esprit.<strong> Se rendre en Indon\u00e9sie dans une retraite pour m\u00e9diter, faire du Yoga, se faire masser au plus pr\u00e8s des \u00e9nergies luxuriantes de la nature <\/strong>est une option judicieuse. <strong>Les \u00e9nergies et traditions de Bali en font une \u00eele id\u00e9ale pour se ressourcer, r\u00e9cup\u00e9rer et renaitre.<\/strong><\/p>\n<\/div>\n<\/td>\n<td>\n<div class=\"gallery_image_wrapper\">\n\t\t\t\t    \t<img decoding=\"async\" src=\"https:\/\/levillagebalinais.com\/wp-content\/uploads\/2021\/01\/1-0-PG-SPA-DE-BEUATE-JANV-2020-scaled.jpg\" alt=\"\" class=\"horizontal_gallery_img\" data-height=\"75\"\/><\/p>\n<div class=\"image_caption_wrapper\">\n<div class=\"image_caption\">J&#039;ai test\u00e9 les spas et retraites de Bali pour la presse de France.<\/div>\n<\/div>\n<\/div>\n<\/td>\n<td>\n<div class=\"gallery_image_wrapper\">\n\t\t\t\t    \t<img decoding=\"async\" src=\"https:\/\/levillagebalinais.com\/wp-content\/uploads\/2021\/01\/1-spa-de-bali-janv-2020-scaled.jpg\" alt=\"\" class=\"horizontal_gallery_img\" data-height=\"75\"\/><\/p>\n<div class=\"image_caption_wrapper\">\n<div class=\"image_caption\">H\u00e9ritage de l&#039;Indo\u00e9nsie du bien-\u00eatre<br \/>\nJ&#039;ai test\u00e9 les spas et retraites de Bali pour la presse fran\u00e7aise.<\/div>\n<\/div>\n<\/div>\n<\/td>\n<td>\n<div class=\"gallery_image_wrapper\">\n\t\t\t\t    \t<img decoding=\"async\" src=\"https:\/\/levillagebalinais.com\/wp-content\/uploads\/2021\/01\/2-SPA-DE-bali-2020-scaled.jpg\" alt=\"\" class=\"horizontal_gallery_img\" data-height=\"75\"\/><\/p>\n<div class=\"image_caption_wrapper\">\n<div class=\"image_caption\">J&#039;ai test\u00e9 les spas de Bali pour la presse de France<br \/>\nRuth Indiathi<\/div>\n<\/div>\n<\/div>\n<\/td>\n<td>\n<div class=\"gallery_image_wrapper\">\n\t\t\t\t    \t<img decoding=\"async\" src=\"https:\/\/levillagebalinais.com\/wp-content\/uploads\/2021\/01\/3-SPA-DE-BALI-JANV-2020-scaled.jpg\" alt=\"\" class=\"horizontal_gallery_img\" data-height=\"75\"\/><\/p>\n<div class=\"image_caption_wrapper\">\n<div class=\"image_caption\">Martha Tilaar<\/div>\n<\/div>\n<\/div>\n<\/td>\n<\/tr>\n<\/tbody>\n<\/table><\/div>\n<\/p><\/div>\n<div class=\"divider one\">&nbsp;<\/div>\n<div class=\"standard_wrapper\">\n<div class=\"one withsmallpadding ppb_line_divider\"  style=\"text-align:center;padding:0px 0 0px 0;\" >\n<div class=\"page_content_wrapper wide\">\n<div class=\"inner\">\n<div class=\"line_divider_border\" style=\"width:100px;\"><\/div>\n<div class=\"line_divider_seperator\"><i class=\"fa fa-leaf\" style=\"\"><\/i><\/div>\n<div class=\"line_divider_border\" style=\"width:100px;\"><\/div>\n<\/div>\n<\/div>\n<\/div>\n<\/div>\n<div class=\"one\" >\n<div class=\"horizontal_gallery\">\n<table class=\"horizontal_gallery_wrapper\">\n<tbody>\n<tr>\n<td class=\"horizontal_gallery_info\">\n<h2 class=\"ppb_title\">J&#039;ai test\u00e9 une retraite sanctuaire \u00e0 Bali<\/h2>\n<div class=\"ppb_header_content\">\n<p>Cette retraite d&rsquo;exception rec\u00e8le un spa moderne qui sublime le tradition, <strong>le sanctuary of soori<\/strong>, le spa de l&rsquo;ombre et de la lumi\u00e8re n\u00e9 du volcanisme d&rsquo;Indon\u00e9sie. Un accueil et des soins sublimes, une \u00e9quipe exquise. <strong>3 \u00e9toiles<\/strong> dans le guide du Village Balinais! <\/p>\n<\/div>\n<\/td>\n<td>\n<div class=\"gallery_image_wrapper\">\n\t\t\t\t    \t<img decoding=\"async\" src=\"https:\/\/levillagebalinais.com\/wp-content\/uploads\/2021\/01\/01-COUVERTURE-SDB57_pages-to-jpg-0001.jpg\" alt=\"\" class=\"horizontal_gallery_img\" data-height=\"75\"\/><\/p>\n<div class=\"image_caption_wrapper\">\n<div class=\"image_caption\">H\u00e9ritage de l&#039;Indon\u00e9sie du bien-\u00eatre :<br \/>\nJ&#039;ai test\u00e9 les spas et retaites de luxe \u00e0 Bali<\/div>\n<\/div>\n<\/div>\n<\/td>\n<td>\n<div class=\"gallery_image_wrapper\">\n\t\t\t\t    \t<img decoding=\"async\" src=\"https:\/\/levillagebalinais.com\/wp-content\/uploads\/2021\/01\/40-42-JAI-TESTE-Soins-balinais_page-0002.jpg\" alt=\"\" class=\"horizontal_gallery_img\" data-height=\"75\"\/><\/p>\n<div class=\"image_caption_wrapper\">\n<div class=\"image_caption\">L&#039;h\u00e9ritage de l&#039;Indon\u00e9sie du bien-\u00eatre : j&#039;ai test\u00e9 une retraite sanctuaire de luxe \u00e0 Bali<\/div>\n<\/div>\n<\/div>\n<\/td>\n<td>\n<div class=\"gallery_image_wrapper\">\n\t\t\t\t    \t<img decoding=\"async\" src=\"https:\/\/levillagebalinais.com\/wp-content\/uploads\/2021\/01\/40-42-JAI-TESTE-Soins-balinais_page-0001.jpg\" alt=\"\" class=\"horizontal_gallery_img\" data-height=\"75\"\/><\/p>\n<div class=\"image_caption_wrapper\">\n<div class=\"image_caption\">H\u00e9ritage de l&#039;Indon\u00e9sie du bien-\u00eatre :<br \/>\nJ&#039;ai test\u00e9 une retraite sanctuaire qui sublime les traditions de Bali<\/div>\n<\/div>\n<\/div>\n<\/td>\n<td>\n<div class=\"gallery_image_wrapper\">\n\t\t\t\t    \t<img decoding=\"async\" src=\"https:\/\/levillagebalinais.com\/wp-content\/uploads\/2021\/01\/40-42-JAI-TESTE-Soins-balinais_page-0003.jpg\" alt=\"\" class=\"horizontal_gallery_img\" data-height=\"75\"\/><\/p>\n<div class=\"image_caption_wrapper\">\n<div class=\"image_caption\">Evaluation d&#039;une retraite sanctuaire de luxe somptueuse<\/div>\n<\/div>\n<\/div>\n<\/td>\n<\/tr>\n<\/tbody>\n<\/table><\/div>\n<\/p><\/div>\n<div class=\"divider one\">&nbsp;<\/div>\n<div class=\"standard_wrapper\">\n<div class=\"one withsmallpadding ppb_line_divider\"  style=\"text-align:center;padding:0px 0 0px 0;\" >\n<div class=\"page_content_wrapper wide\">\n<div class=\"inner\">\n<div class=\"line_divider_border\" style=\"width:100px;\"><\/div>\n<div class=\"line_divider_seperator\"><i class=\"fa fa-leaf\" style=\"\"><\/i><\/div>\n<div class=\"line_divider_border\" style=\"width:100px;\"><\/div>\n<\/div>\n<\/div>\n<\/div>\n<\/div>\n<div class=\"one\" >\n<div class=\"horizontal_gallery\">\n<table class=\"horizontal_gallery_wrapper\">\n<tbody>\n<tr>\n<td class=\"horizontal_gallery_info\">\n<h2 class=\"ppb_title\">L&#039;\u00e9nergie de l&#039;esth\u00e9ticienne et du masseur<\/h2>\n<div class=\"ppb_header_content\">\n<p>Des exercices d&rsquo;entretien et de r\u00e9cup\u00e9ration inspir\u00e9 du Yoga et de la danse pour rester concentr\u00e9 et au top du service.<\/p>\n<\/div>\n<\/td>\n<td>\n<div class=\"gallery_image_wrapper\">\n\t\t\t\t    \t<img decoding=\"async\" src=\"https:\/\/levillagebalinais.com\/wp-content\/uploads\/2021\/01\/01-Couverture-LNE740_page-0001.jpg\" alt=\"\" class=\"horizontal_gallery_img\" data-height=\"75\"\/><\/p>\n<div class=\"image_caption_wrapper\">\n<div class=\"image_caption\">Entretien de l&#039;\u00e9nergie du masseur et de l&#039;esth\u00e9ticienne.<\/div>\n<\/div>\n<\/div>\n<\/td>\n<td>\n<div class=\"gallery_image_wrapper\">\n\t\t\t\t    \t<img decoding=\"async\" src=\"https:\/\/levillagebalinais.com\/wp-content\/uploads\/2021\/01\/44-50_DOSSIER-CORPS-Estheticienne-energie_page-0001.jpg\" alt=\"\" class=\"horizontal_gallery_img\" data-height=\"75\"\/><\/p>\n<div class=\"image_caption_wrapper\">\n<div class=\"image_caption\">DOSSIER-CORPS- Entretien de l&#039;\u00e9nergie de l&#039;Estheticienne-Nouvelles Esth\u00e9tiques<\/div>\n<\/div>\n<\/div>\n<\/td>\n<td>\n<div class=\"gallery_image_wrapper\">\n\t\t\t\t    \t<img decoding=\"async\" src=\"https:\/\/levillagebalinais.com\/wp-content\/uploads\/2021\/01\/44-50_DOSSIER-CORPS-Estheticienne-energie_page-0004.jpg\" alt=\"\" class=\"horizontal_gallery_img\" data-height=\"75\"\/><\/p>\n<div class=\"image_caption_wrapper\">\n<div class=\"image_caption\">DOSSIER-CORPS- Entretien de l&#039;\u00e9nergie de l&#039;Estheticienne-Nouvelles Esth\u00e9tiques<\/div>\n<\/div>\n<\/div>\n<\/td>\n<td>\n<div class=\"gallery_image_wrapper\">\n\t\t\t\t    \t<img decoding=\"async\" src=\"https:\/\/levillagebalinais.com\/wp-content\/uploads\/2021\/01\/44-50_DOSSIER-CORPS-Estheticienne-energie_page-0002.jpg\" alt=\"\" class=\"horizontal_gallery_img\" data-height=\"75\"\/><\/p>\n<div class=\"image_caption_wrapper\">\n<div class=\"image_caption\">DOSSIER-CORPS- Entretien de l&#039;\u00e9nergie de l&#039;Estheticienne-Nouvelles Esth\u00e9tiques<\/div>\n<\/div>\n<\/div>\n<\/td>\n<td>\n<div class=\"gallery_image_wrapper\">\n\t\t\t\t    \t<img decoding=\"async\" src=\"https:\/\/levillagebalinais.com\/wp-content\/uploads\/2021\/01\/44-50_DOSSIER-CORPS-Estheticienne-energie_page-0003.jpg\" alt=\"\" class=\"horizontal_gallery_img\" data-height=\"75\"\/><\/p>\n<div class=\"image_caption_wrapper\">\n<div class=\"image_caption\">DOSSIER-CORPS- Entretien de l&#039;\u00e9nergie de l&#039;Estheticienne-Nouvelles Esth\u00e9tiques<\/div>\n<\/div>\n<\/div>\n<\/td>\n<td>\n<div class=\"gallery_image_wrapper\">\n\t\t\t\t    \t<img decoding=\"async\" src=\"https:\/\/levillagebalinais.com\/wp-content\/uploads\/2021\/01\/44-50_DOSSIER-CORPS-Estheticienne-energie_page-0005.jpg\" alt=\"\" class=\"horizontal_gallery_img\" data-height=\"75\"\/><\/p>\n<div class=\"image_caption_wrapper\">\n<div class=\"image_caption\">DOSSIER-CORPS- Entretien de l&#039;\u00e9nergie de l&#039;Estheticienne-Nouvelles Esth\u00e9tiques<\/div>\n<\/div>\n<\/div>\n<\/td>\n<td>\n<div class=\"gallery_image_wrapper\">\n\t\t\t\t    \t<img decoding=\"async\" src=\"https:\/\/levillagebalinais.com\/wp-content\/uploads\/2021\/01\/44-50_DOSSIER-CORPS-Estheticienne-energie_page-0006.jpg\" alt=\"\" class=\"horizontal_gallery_img\" data-height=\"75\"\/><\/p>\n<div class=\"image_caption_wrapper\">\n<div class=\"image_caption\">DOSSIER-CORPS- Entretien de l&#039;\u00e9nergie de l&#039;Estheticienne-Nouvelles Esth\u00e9tiques<\/div>\n<\/div>\n<\/div>\n<\/td>\n<\/tr>\n<\/tbody>\n<\/table><\/div>\n<\/p><\/div>\n<div class=\"divider one\">&nbsp;<\/div>\n<div class=\"standard_wrapper\">\n<div class=\"one withsmallpadding ppb_line_divider\"  style=\"text-align:center;padding:0px 0 0px 0;\" >\n<div class=\"page_content_wrapper wide\">\n<div class=\"inner\">\n<div class=\"line_divider_border\" style=\"width:100px;\"><\/div>\n<div class=\"line_divider_seperator\"><i class=\"fa fa-leaf\" style=\"\"><\/i><\/div>\n<div class=\"line_divider_border\" style=\"width:100px;\"><\/div>\n<\/div>\n<\/div>\n<\/div>\n<\/div>\n<div class=\"one\" >\n<div class=\"horizontal_gallery\">\n<table class=\"horizontal_gallery_wrapper\">\n<tbody>\n<tr>\n<td class=\"horizontal_gallery_info\">\n<h2 class=\"ppb_title\">M\u00e9decine traditionnelle indon\u00e9sienne : se former aux jamus<\/h2>\n<div class=\"ppb_header_content\">\n<p>Sur 30 000 esp\u00e8ces identifi\u00e9es 7000 ont des vertus th\u00e9rapeutiques.<strong> L&rsquo;Indon\u00e9sie est le paradis des plantes m\u00e9dicinales<\/strong>. Boissons traditionnelles \u00e0 base de sucre de palmier, de miel, de gingembre, de galanga, de citron vert, de curcuma, l<strong>es JAMUS de Bali, de Java<\/strong> sont antioxydants, riches en vitamine. Ils boostent le syst\u00e8me immunitaire et sont largement consomm\u00e9s par les indon\u00e9siens pour pr\u00e9server leur sant\u00e9  de mani\u00e8re pr\u00e9ventive \u00e0 l&rsquo;instar des massages traditionnels.  Un temps Jamu plus que jamais est  tr\u00e8s appr\u00e9ci\u00e9 par les clients du spa apr\u00e8s une s\u00e9ance de massage balinais pijat Bali. <\/p>\n<\/div>\n<\/td>\n<td>\n<div class=\"gallery_image_wrapper\">\n\t\t\t\t    \t<img decoding=\"async\" src=\"https:\/\/levillagebalinais.com\/wp-content\/uploads\/2021\/01\/PGR-PSYCHOLOGIES-DEC-20-min-Copie-min-scaled.jpg\" alt=\"\" class=\"horizontal_gallery_img\" data-height=\"75\"\/><\/p>\n<div class=\"image_caption_wrapper\">\n<div class=\"image_caption\">Article sur la m\u00e9decine douce d&#039;Indon\u00e9sie-<\/div>\n<\/div>\n<\/div>\n<\/td>\n<td>\n<div class=\"gallery_image_wrapper\">\n\t\t\t\t    \t<img decoding=\"async\" src=\"https:\/\/levillagebalinais.com\/wp-content\/uploads\/2021\/01\/416_RIT_Medecines_ailleurs_-1_page-0001.jpg\" alt=\"\" class=\"horizontal_gallery_img\" data-height=\"75\"\/><\/p>\n<div class=\"image_caption_wrapper\">\n<div class=\"image_caption\">Corps et Medecines_ailleurs<\/div>\n<\/div>\n<\/div>\n<\/td>\n<\/tr>\n<\/tbody>\n<\/table><\/div>\n<\/p><\/div>\n<div class=\"divider one\">&nbsp;<\/div>\n<div class=\"standard_wrapper\">\n<div class=\"one withsmallpadding ppb_line_divider\"  style=\"text-align:center;padding:0px 0 0px 0;\" >\n<div class=\"page_content_wrapper wide\">\n<div class=\"inner\">\n<div class=\"line_divider_border\" style=\"width:100px;\"><\/div>\n<div class=\"line_divider_seperator\"><i class=\"fa fa-leaf\" style=\"\"><\/i><\/div>\n<div class=\"line_divider_border\" style=\"width:100px;\"><\/div>\n<\/div>\n<\/div>\n<\/div>\n<\/div>\n<div class=\"one\" >\n<div class=\"horizontal_gallery\">\n<table class=\"horizontal_gallery_wrapper\">\n<tbody>\n<tr>\n<td class=\"horizontal_gallery_info\">\n<h2 class=\"ppb_title\">Evaluation R\u00e9flexologie Plantaire Balinaise Spa de beaut\u00e9 2021<\/h2>\n<div class=\"ppb_header_content\">\n<p><strong>Meilleurs soins en r\u00e9flexologie plantaire de Paris:<\/strong> La r\u00e9flexologie plantaire balinaise est s\u00e9l\u00e8ctionn\u00e9e et \u00e9valu\u00e9e par Gaya Ort\u00e9ga.\u00a0\u00bb<\/p>\n<\/div>\n<\/td>\n<td>\n<div class=\"gallery_image_wrapper\">\n\t\t\t\t    \t<img decoding=\"async\" src=\"https:\/\/levillagebalinais.com\/wp-content\/uploads\/2021\/03\/couverture-avril-2021.jpg\" alt=\"\" class=\"horizontal_gallery_img\" data-height=\"75\"\/><\/p>\n<div class=\"image_caption_wrapper\">\n<div class=\"image_caption\">Les meilleurs massages en r\u00e9flexologie plantaire \u00e0 Paris : La r\u00e9flexologie plantaire balinaise du Village Balinais est s\u00e9l\u00e8ctionn\u00e9e  et \u00e9valu\u00e9e par Gaya Ort\u00e9ga.<\/div>\n<\/div>\n<\/div>\n<\/td>\n<td>\n<div class=\"gallery_image_wrapper\">\n\t\t\t\t    \t<img decoding=\"async\" src=\"https:\/\/levillagebalinais.com\/wp-content\/uploads\/2021\/03\/0-JAI-TESTE-les-reflexologies_1-1.png\" alt=\"\" class=\"horizontal_gallery_img\" data-height=\"75\"\/><\/p>\n<div class=\"image_caption_wrapper\">\n<div class=\"image_caption\"><\/div>\n<\/div>\n<\/div>\n<\/td>\n<td>\n<div class=\"gallery_image_wrapper\">\n\t\t\t\t    \t<img decoding=\"async\" src=\"https:\/\/levillagebalinais.com\/wp-content\/uploads\/2021\/07\/REFLEXO-PLANTAIRE-BALINAISE.png\" alt=\"\" class=\"horizontal_gallery_img\" data-height=\"75\"\/><\/p>\n<div class=\"image_caption_wrapper\">\n<div class=\"image_caption\">Gaya Ortega \u00e9value pour le journal les Nouvelles Esth\u00e9tiques les meilleures soins de r\u00e9flexologie plantaire de Paris<\/div>\n<\/div>\n<\/div>\n<\/td>\n<td>\n<div class=\"gallery_image_wrapper\">\n\t\t\t\t    \t<img decoding=\"async\" src=\"https:\/\/levillagebalinais.com\/wp-content\/uploads\/2021\/03\/2-JAI-TESTE-les-reflexologies_7-end.png\" alt=\"\" class=\"horizontal_gallery_img\" data-height=\"75\"\/><\/p>\n<div class=\"image_caption_wrapper\">\n<div class=\"image_caption\"><\/div>\n<\/div>\n<\/div>\n<\/td>\n<\/tr>\n<\/tbody>\n<\/table><\/div>\n<\/p><\/div>\n<div class=\"divider one\">&nbsp;<\/div>\n<div class=\"standard_wrapper\">\n<div class=\"one withsmallpadding ppb_line_divider\"  style=\"text-align:center;padding:0px 0 0px 0;\" >\n<div class=\"page_content_wrapper wide\">\n<div class=\"inner\">\n<div class=\"line_divider_border\" style=\"width:100px;\"><\/div>\n<div class=\"line_divider_seperator\"><i class=\"fa fa-leaf\" style=\"\"><\/i><\/div>\n<div class=\"line_divider_border\" style=\"width:100px;\"><\/div>\n<\/div>\n<\/div>\n<\/div>\n<\/div>\n<div class=\"one\" >\n<div class=\"horizontal_gallery\">\n<table class=\"horizontal_gallery_wrapper\">\n<tbody>\n<tr>\n<td class=\"horizontal_gallery_info\">\n<h2 class=\"ppb_title\">Les Plaisirs d&#039;Asie \u00e0 Paris  Janvier 22<\/h2>\n<\/td>\n<td>\n<div class=\"gallery_image_wrapper\">\n\t\t\t\t    \t<img decoding=\"async\" src=\"https:\/\/levillagebalinais.com\/wp-content\/uploads\/2022\/02\/1-PJ-INTRO-2.png\" alt=\"\" class=\"horizontal_gallery_img\" data-height=\"75\"\/><\/p>\n<div class=\"image_caption_wrapper\">\n<div class=\"image_caption\"><\/div>\n<\/div>\n<\/div>\n<\/td>\n<td>\n<div class=\"gallery_image_wrapper\">\n\t\t\t\t    \t<img decoding=\"async\" src=\"https:\/\/levillagebalinais.com\/wp-content\/uploads\/2022\/02\/2-PJ-FEV-22.png\" alt=\"\" class=\"horizontal_gallery_img\" data-height=\"75\"\/><\/p>\n<div class=\"image_caption_wrapper\">\n<div class=\"image_caption\"><\/div>\n<\/div>\n<\/div>\n<\/td>\n<td>\n<div class=\"gallery_image_wrapper\">\n\t\t\t\t    \t<img decoding=\"async\" src=\"https:\/\/levillagebalinais.com\/wp-content\/uploads\/2022\/02\/5-PJ-FEV-22-VB.png\" alt=\"\" class=\"horizontal_gallery_img\" data-height=\"75\"\/><\/p>\n<div class=\"image_caption_wrapper\">\n<div class=\"image_caption\"><\/div>\n<\/div>\n<\/div>\n<\/td>\n<td>\n<div class=\"gallery_image_wrapper\">\n\t\t\t\t    \t<img decoding=\"async\" src=\"https:\/\/levillagebalinais.com\/wp-content\/uploads\/2022\/02\/6-PJ-UN-PETIT-BIJOU_LI.jpg\" alt=\"\" class=\"horizontal_gallery_img\" data-height=\"75\"\/><\/p>\n<div class=\"image_caption_wrapper\">\n<div class=\"image_caption\"><\/div>\n<\/div>\n<\/div>\n<\/td>\n<\/tr>\n<\/tbody>\n<\/table><\/div>\n<\/p><\/div>\n<div class=\"standard_wrapper\">\n<div class=\"one withsmallpadding ppb_line_divider\"  style=\"text-align:center;padding:0px 0 0px 0;\" >\n<div class=\"page_content_wrapper wide\">\n<div class=\"inner\">\n<div class=\"line_divider_border\" style=\"width:100px;\"><\/div>\n<div class=\"line_divider_seperator\"><i class=\"fa fa-leaf\" style=\"\"><\/i><\/div>\n<div class=\"line_divider_border\" style=\"width:100px;\"><\/div>\n<\/div>\n<\/div>\n<\/div>\n<\/div>\n<div class=\"divider one\">&nbsp;<\/div>\n<div class=\"one\" >\n<div class=\"horizontal_gallery\">\n<table class=\"horizontal_gallery_wrapper\">\n<tbody>\n<tr>\n<td class=\"horizontal_gallery_info\">\n<h2 class=\"ppb_title\">Village Balinais Nouvelles Esthetiques Janvier 2022<\/h2>\n<div class=\"ppb_header_content\">\n<p>Ruth Indiathi pr\u00e9sente les valeurs du Village Balinais et explique comment elle enseigne dans son organisme de formation les massages balinais pour accroitre la qualit\u00e9 et la profondeur de la d\u00e9tente et du l\u00e2cher prise en cabine.<\/p>\n<\/div>\n<\/td>\n<td>\n<div class=\"gallery_image_wrapper\">\n\t\t\t\t    \t<img decoding=\"async\" src=\"https:\/\/levillagebalinais.com\/wp-content\/uploads\/2022\/02\/01-Couverture-LNE754-pdf.jpg\" alt=\"\" class=\"horizontal_gallery_img\" data-height=\"75\"\/><\/p>\n<div class=\"image_caption_wrapper\">\n<div class=\"image_caption\"><\/div>\n<\/div>\n<\/div>\n<\/td>\n<td>\n<div class=\"gallery_image_wrapper\">\n\t\t\t\t    \t<img decoding=\"async\" src=\"https:\/\/levillagebalinais.com\/wp-content\/uploads\/2022\/02\/EXTRAIT-ARTICLE-VB-NE-JANV-22-.png\" alt=\"\" class=\"horizontal_gallery_img\" data-height=\"75\"\/><\/p>\n<div class=\"image_caption_wrapper\">\n<div class=\"image_caption\"><\/div>\n<\/div>\n<\/div>\n<\/td>\n<td>\n<div class=\"gallery_image_wrapper\">\n\t\t\t\t    \t<img decoding=\"async\" src=\"https:\/\/levillagebalinais.com\/wp-content\/uploads\/2022\/02\/PAGE-1-VILLAGE-BALINAIS-NE-JANV-22-pdf.jpg\" alt=\"\" class=\"horizontal_gallery_img\" data-height=\"75\"\/><\/p>\n<div class=\"image_caption_wrapper\">\n<div class=\"image_caption\"><\/div>\n<\/div>\n<\/div>\n<\/td>\n<td>\n<div class=\"gallery_image_wrapper\">\n\t\t\t\t    \t<img decoding=\"async\" src=\"https:\/\/levillagebalinais.com\/wp-content\/uploads\/2022\/02\/PAGE-2-VILLAGE-BALINAIS-NE-JANV-22-pdf.jpg\" alt=\"\" class=\"horizontal_gallery_img\" data-height=\"75\"\/><\/p>\n<div class=\"image_caption_wrapper\">\n<div class=\"image_caption\"><\/div>\n<\/div>\n<\/div>\n<\/td>\n<\/tr>\n<\/tbody>\n<\/table><\/div>\n<\/p><\/div>\n<div class=\"divider one\">&nbsp;<\/div>\n<div class=\"standard_wrapper\">\n<div class=\"one withsmallpadding ppb_line_divider\"  style=\"text-align:center;padding:0px 0 0px 0;\" >\n<div class=\"page_content_wrapper wide\">\n<div class=\"inner\">\n<div class=\"line_divider_border\" style=\"width:100px;\"><\/div>\n<div class=\"line_divider_seperator\"><i class=\"fa fa-leaf\" style=\"\"><\/i><\/div>\n<div class=\"line_divider_border\" style=\"width:100px;\"><\/div>\n<\/div>\n<\/div>\n<\/div>\n<\/div>\n<div class=\"one\" >\n<div class=\"horizontal_gallery\">\n<table class=\"horizontal_gallery_wrapper\">\n<tbody>\n<tr>\n<td class=\"horizontal_gallery_info\">\n<h2 class=\"ppb_title\">Authenticit\u00e9 de H\u00e9ritage Spa beaut\u00e9 Avril 23<\/h2>\n<div class=\"ppb_header_content\">\n<p> Un article rare  et synth\u00e9tique dans lequel Ruth Indiathi donne acc\u00e8s  au lecteur passionn\u00e9 de massage balinais \u00e0 ce qui anime la masseuse balinaise et  lui conf\u00e8re  une approche unique de ses patients.<\/p>\n<\/div>\n<\/td>\n<td>\n<div class=\"gallery_image_wrapper\">\n\t\t\t\t    \t<img decoding=\"async\" src=\"https:\/\/levillagebalinais.com\/wp-content\/uploads\/2023\/04\/01-COUVERTURE-SDB92_pages-to-jpg-0001-min.jpg\" alt=\"\" class=\"horizontal_gallery_img\" data-height=\"75\"\/><\/p>\n<div class=\"image_caption_wrapper\">\n<div class=\"image_caption\">j&#039;ai test\u00e9 les massages balinais \u00e0 Bali et Java Ruth Indiathi<\/div>\n<\/div>\n<\/div>\n<\/td>\n<td>\n<div class=\"gallery_image_wrapper\">\n\t\t\t\t    \t<img decoding=\"async\" src=\"https:\/\/levillagebalinais.com\/wp-content\/uploads\/2023\/04\/60-63-JAI-TESTE-Spa-Indonesie_pages-to-jpg-0001-min.jpg\" alt=\"\" class=\"horizontal_gallery_img\" data-height=\"75\"\/><\/p>\n<div class=\"image_caption_wrapper\">\n<div class=\"image_caption\">Cet artticle traite de l&#039;enracinement du massages balinais dans la tradtion indon\u00e9siennen, en r\u00e9v\u00e8le les secrets et \u00e9voque des tests en spas de Bali et Java<\/div>\n<\/div>\n<\/div>\n<\/td>\n<td>\n<div class=\"gallery_image_wrapper\">\n\t\t\t\t    \t<img decoding=\"async\" src=\"https:\/\/levillagebalinais.com\/wp-content\/uploads\/2023\/04\/60-63-JAI-TESTE-Spa-Indonesie_pages-to-jpg-0002-min.jpg\" alt=\"\" class=\"horizontal_gallery_img\" data-height=\"75\"\/><\/p>\n<div class=\"image_caption_wrapper\">\n<div class=\"image_caption\"><\/div>\n<\/div>\n<\/div>\n<\/td>\n<td>\n<div class=\"gallery_image_wrapper\">\n\t\t\t\t    \t<img decoding=\"async\" src=\"https:\/\/levillagebalinais.com\/wp-content\/uploads\/2023\/04\/60-63-JAI-TESTE-Spa-Indonesie_pages-to-jpg-0003-min.jpg\" alt=\"\" class=\"horizontal_gallery_img\" data-height=\"75\"\/><\/p>\n<div class=\"image_caption_wrapper\">\n<div class=\"image_caption\"><\/div>\n<\/div>\n<\/div>\n<\/td>\n<td>\n<div class=\"gallery_image_wrapper\">\n\t\t\t\t    \t<img decoding=\"async\" src=\"https:\/\/levillagebalinais.com\/wp-content\/uploads\/2023\/04\/60-63-JAI-TESTE-Spa-Indonesie_pages-to-jpg-0004-min.jpg\" alt=\"\" class=\"horizontal_gallery_img\" data-height=\"75\"\/><\/p>\n<div class=\"image_caption_wrapper\">\n<div class=\"image_caption\"><\/div>\n<\/div>\n<\/div>\n<\/td>\n<\/tr>\n<\/tbody>\n<\/table><\/div>\n<\/p><\/div>\n<div class=\"standard_wrapper\">\n<div class=\"one withsmallpadding ppb_line_divider\"  style=\"text-align:center;padding:0px 0 0px 0;\" >\n<div class=\"page_content_wrapper wide\">\n<div class=\"inner\">\n<div class=\"line_divider_border\" style=\"width:100px;\"><\/div>\n<div class=\"line_divider_seperator\"><i class=\"fa fa-leaf\" style=\"\"><\/i><\/div>\n<div class=\"line_divider_border\" style=\"width:100px;\"><\/div>\n<\/div>\n<\/div>\n<\/div>\n<\/div>\n<div class=\"divider one\">&nbsp;<\/div>\n<div class=\"one\" >\n<div class=\"horizontal_gallery\">\n<table class=\"horizontal_gallery_wrapper\">\n<tbody>\n<tr>\n<td class=\"horizontal_gallery_info\">\n<h2 class=\"ppb_title\">VILLAGE BALINAIS FORMATION NE 2023<\/h2>\n<div class=\"ppb_header_content\">\n<p>Pr\u00e9sentation de l&rsquo;organisme de formation du Village BALINAIS dans le journal professionnel des Nouvelles Esth\u00e9tiques- Juillet 2023<\/p>\n<\/div>\n<\/td>\n<td>\n<div class=\"gallery_image_wrapper\">\n\t\t\t\t    \t<img decoding=\"async\" src=\"https:\/\/levillagebalinais.com\/wp-content\/uploads\/2023\/06\/01-Couverture-LNE771-2_compressed-1-pdf.jpg\" alt=\"\" class=\"horizontal_gallery_img\" data-height=\"75\"\/><\/p>\n<div class=\"image_caption_wrapper\">\n<div class=\"image_caption\">COUVERTURE NE 23<\/div>\n<\/div>\n<\/div>\n<\/td>\n<td>\n<div class=\"gallery_image_wrapper\">\n\t\t\t\t    \t<img decoding=\"async\" src=\"https:\/\/levillagebalinais.com\/wp-content\/uploads\/2023\/06\/ZOOM-PLUS-DE-1000.png\" alt=\"\" class=\"horizontal_gallery_img\" data-height=\"75\"\/><\/p>\n<div class=\"image_caption_wrapper\">\n<div class=\"image_caption\"><\/div>\n<\/div>\n<\/div>\n<\/td>\n<td>\n<div class=\"gallery_image_wrapper\">\n\t\t\t\t    \t<img decoding=\"async\" src=\"https:\/\/levillagebalinais.com\/wp-content\/uploads\/2023\/06\/28-36-ACTUS-Vie-pro-1-PAGE-VB-avec-compression-pdf.jpg\" alt=\"\" class=\"horizontal_gallery_img\" data-height=\"75\"\/><\/p>\n<div class=\"image_caption_wrapper\">\n<div class=\"image_caption\">organisme de formation professionnelle aux massages balinais<\/div>\n<\/div>\n<\/div>\n<\/td>\n<\/tr>\n<\/tbody>\n<\/table><\/div>\n<\/p><\/div>\n<div class=\"standard_wrapper\">\n<div class=\"one withsmallpadding ppb_line_divider\"  style=\"text-align:left;padding:0px 0 0px 0;\" >\n<div class=\"page_content_wrapper wide\">\n<div class=\"inner\">\n<div class=\"line_divider_border\" style=\"width:100px;\"><\/div>\n<div class=\"line_divider_seperator\"><i class=\"fa fa-leaf\" style=\"\"><\/i><\/div>\n<div class=\"line_divider_border\" style=\"width:100px;\"><\/div>\n<\/div>\n<\/div>\n<\/div>\n<\/div>\n<div class=\"divider one\">&nbsp;<\/div>\n<div class=\"one\" >\n<div class=\"horizontal_gallery\">\n<table class=\"horizontal_gallery_wrapper\">\n<tbody>\n<tr>\n<td class=\"horizontal_gallery_info\">\n<h2 class=\"ppb_title\">Spas de beaute dec 2024<\/h2>\n<div class=\"ppb_header_content\">\n<p>J&rsquo;ai test\u00e9 en 2024 les massages balinais au The Edge Spa \u00e0 Bali et Apsara Spa Tugu Malang.<\/p>\n<\/div>\n<\/td>\n<td>\n<div class=\"gallery_image_wrapper\">\n\t\t\t\t    \t<img decoding=\"async\" src=\"https:\/\/levillagebalinais.com\/wp-content\/uploads\/2024\/12\/01-Couverture-SDB110_page-0001-min.jpg\" alt=\"\" class=\"horizontal_gallery_img\" data-height=\"75\"\/><\/p>\n<div class=\"image_caption_wrapper\">\n<div class=\"image_caption\"><\/div>\n<\/div>\n<\/div>\n<\/td>\n<td>\n<div class=\"gallery_image_wrapper\">\n\t\t\t\t    \t<img decoding=\"async\" src=\"https:\/\/levillagebalinais.com\/wp-content\/uploads\/2024\/12\/46-49-Spas-Indonesie-tradition-modernite_page-0001-min.jpg\" alt=\"\" class=\"horizontal_gallery_img\" data-height=\"75\"\/><\/p>\n<div class=\"image_caption_wrapper\">\n<div class=\"image_caption\"><\/div>\n<\/div>\n<\/div>\n<\/td>\n<td>\n<div class=\"gallery_image_wrapper\">\n\t\t\t\t    \t<img decoding=\"async\" src=\"https:\/\/levillagebalinais.com\/wp-content\/uploads\/2024\/12\/46-49-Spas-Indonesie-tradition-modernite_page-0002-min.jpg\" alt=\"\" class=\"horizontal_gallery_img\" data-height=\"75\"\/><\/p>\n<div class=\"image_caption_wrapper\">\n<div class=\"image_caption\"><\/div>\n<\/div>\n<\/div>\n<\/td>\n<td>\n<div class=\"gallery_image_wrapper\">\n\t\t\t\t    \t<img decoding=\"async\" src=\"https:\/\/levillagebalinais.com\/wp-content\/uploads\/2024\/12\/46-49-Spas-Indonesie-tradition-modernite_page-0003-min.jpg\" alt=\"\" class=\"horizontal_gallery_img\" data-height=\"75\"\/><\/p>\n<div class=\"image_caption_wrapper\">\n<div class=\"image_caption\"><\/div>\n<\/div>\n<\/div>\n<\/td>\n<td>\n<div class=\"gallery_image_wrapper\">\n\t\t\t\t    \t<img decoding=\"async\" src=\"https:\/\/levillagebalinais.com\/wp-content\/uploads\/2024\/12\/46-49-Spas-Indonesie-tradition-modernite_page-0004-min.jpg\" alt=\"\" class=\"horizontal_gallery_img\" data-height=\"75\"\/><\/p>\n<div class=\"image_caption_wrapper\">\n<div class=\"image_caption\"><\/div>\n<\/div>\n<\/div>\n<\/td>\n<\/tr>\n<\/tbody>\n<\/table><\/div>\n<\/p><\/div>\n<div class=\"standard_wrapper\">\n<div class=\"one withsmallpadding ppb_line_divider\"  style=\"text-align:left;padding:0px 0 0px 0;\" >\n<div class=\"page_content_wrapper wide\">\n<div class=\"inner\">\n<div class=\"line_divider_border\" style=\"width:100px;\"><\/div>\n<div class=\"line_divider_seperator\"><i class=\"fa fa-leaf\" style=\"\"><\/i><\/div>\n<div class=\"line_divider_border\" style=\"width:100px;\"><\/div>\n<\/div>\n<\/div>\n<\/div>\n<\/div>\n<div class=\"divider one\">&nbsp;<\/div>\n<div  class=\"one ppb_image_fixed_width\"  style=\"padding-top:40px;padding-bottom:40px;\" >\n<div class=\"page_content_wrapper\">\n<div class=\"inner\">\n<div class=\"image_classic_frame\">\n<div class=\"image_wrapper\"><a href=\"https:\/\/levillagebalinais.com\/wp-content\/uploads\/2020\/10\/12-RUTH-INDIATHI-ET-Wonderful-Indonesia-.png\" class=\"img_frame\"><img decoding=\"async\" src=\"https:\/\/levillagebalinais.com\/wp-content\/uploads\/2020\/10\/12-RUTH-INDIATHI-ET-Wonderful-Indonesia-.png\" alt=\"\" class=\"portfolio_img\"\/><\/a><\/div>\n<\/div>\n<\/div>\n<\/div>\n<\/div>\n<div  class=\"one withsmallpadding ppb_header \" style=\"text-align:left;padding:30px 0 30px 0;\" >\n<div class=\"standard_wrapper\">\n<div class=\"page_content_wrapper wide\">\n<div class=\"inner\">\n<div style=\"margin:auto;width:100%\"><\/div>\n<\/div>\n<\/div>\n<\/div>\n<\/div>\n<div class=\"standard_wrapper\">\n<div  class=\"ppb_blog_grid one nopadding\" style=\"padding:40px 0 40px 0;\" >\n<div class=\"page_content_wrapper wide\">\n<div class=\"inner\">\n<div class=\"inner_wrapper\">\n<div class=\"blog_grid_wrapper sidebar_content full_width ppb_blog_posts\">\n<div id=\"post-7201\" class=\"post type-post hentry status-publish \">\n<div class=\"post_wrapper grid_layout\">\n<div class=\"post_img small static\">\n\t\t    \t    \t<a href=\"https:\/\/levillagebalinais.com\/index.php\/2024\/11\/11\/seances-de-massage-en-duo-a-paris-reservez-vos-places-pour-le-30-novembre\/\"><br \/>\n\t\t    \t    \t\t<img decoding=\"async\" src=\"https:\/\/levillagebalinais.com\/wp-content\/uploads\/2023\/12\/Couples_massage-5664x3399-1-600x360-1.jpg\" alt=\"S\u00e9ances de massage  en duo \u00e0 Paris: R\u00e9servez vos places pour le 30 Novembre!\" class=\"\"\/><br \/>\n\t\t                <\/a>\n\t\t    \t    <\/div>\n<div class=\"post_content_wrapper\">\n<div class=\"post_header grid\">\n<div class=\"post_detail single_post\">\n\t\t\t\t    <span class=\"post_info_date\"><br \/>\n\t\t\t\t    \t<a href=\"https:\/\/levillagebalinais.com\/index.php\/2024\/11\/11\/seances-de-massage-en-duo-a-paris-reservez-vos-places-pour-le-30-novembre\/\" title=\"S\u00e9ances de massage  en duo \u00e0 Paris: R\u00e9servez vos places pour le 30 Novembre!\">11 novembre 2024<\/a><br \/>\n\t\t\t\t    <\/span>\n\t\t\t\t<\/div>\n<h6><a href=\"https:\/\/levillagebalinais.com\/index.php\/2024\/11\/11\/seances-de-massage-en-duo-a-paris-reservez-vos-places-pour-le-30-novembre\/\" title=\"S\u00e9ances de massage  en duo \u00e0 Paris: R\u00e9servez vos places pour le 30 Novembre!\">S\u00e9ances de massage  en duo \u00e0 Paris: R\u00e9servez vos places pour le 30 Novembre!<\/a><\/h6>\n<\/p><\/div>\n<div class=\"post_header_wrapper\">\n<div class=\"post_button_wrapper\">\n\t\t\t    \t<a class=\"readmore\" href=\"https:\/\/levillagebalinais.com\/index.php\/2024\/11\/11\/seances-de-massage-en-duo-a-paris-reservez-vos-places-pour-le-30-novembre\/\">Read More<span class=\"ti-angle-right\"><\/span><\/a>\n\t\t\t\t\t<\/div>\n<\/p><\/div>\n<\/div><\/div>\n<\/p><\/div>\n<div id=\"post-7196\" class=\"post type-post hentry status-publish \">\n<div class=\"post_wrapper grid_layout\">\n<div class=\"post_img small static\">\n\t\t    \t    \t<a href=\"https:\/\/levillagebalinais.com\/index.php\/2024\/10\/24\/carte-cadeau-massage\/\"><br \/>\n\t\t    \t    \t\t<img decoding=\"async\" src=\"https:\/\/levillagebalinais.com\/wp-content\/uploads\/2024\/10\/CARTE-CADEAU-VILLAGE-BALINAIS-24-960x636.jpg\" alt=\"CARTE CADEAU MASSAGE\" class=\"\"\/><br \/>\n\t\t                <\/a>\n\t\t    \t    <\/div>\n<div class=\"post_content_wrapper\">\n<div class=\"post_header grid\">\n<div class=\"post_detail single_post\">\n\t\t\t\t    <span class=\"post_info_date\"><br \/>\n\t\t\t\t    \t<a href=\"https:\/\/levillagebalinais.com\/index.php\/2024\/10\/24\/carte-cadeau-massage\/\" title=\"CARTE CADEAU MASSAGE\">24 octobre 2024<\/a><br \/>\n\t\t\t\t    <\/span>\n\t\t\t\t<\/div>\n<h6><a href=\"https:\/\/levillagebalinais.com\/index.php\/2024\/10\/24\/carte-cadeau-massage\/\" title=\"CARTE CADEAU MASSAGE\">CARTE CADEAU MASSAGE<\/a><\/h6>\n<\/p><\/div>\n<div class=\"post_header_wrapper\">\n<div class=\"post_button_wrapper\">\n\t\t\t    \t<a class=\"readmore\" href=\"https:\/\/levillagebalinais.com\/index.php\/2024\/10\/24\/carte-cadeau-massage\/\">Read More<span class=\"ti-angle-right\"><\/span><\/a>\n\t\t\t\t\t<\/div>\n<\/p><\/div>\n<\/div><\/div>\n<\/p><\/div>\n<div id=\"post-7194\" class=\"post type-post hentry status-publish last\">\n<div class=\"post_wrapper grid_layout\">\n<div class=\"post_img small static\">\n\t\t    \t    \t<a href=\"https:\/\/levillagebalinais.com\/index.php\/2024\/10\/24\/seances-de-massage-en-duo-a-paris-reservez-vos-places\/\"><br \/>\n\t\t    \t    \t\t<img decoding=\"async\" src=\"https:\/\/levillagebalinais.com\/wp-content\/uploads\/2023\/12\/Couples_massage-5664x3399-1-600x360-1.jpg\" alt=\"S\u00e9ances de massage  en duo \u00e0 Paris: R\u00e9servez vos places!\" class=\"\"\/><br \/>\n\t\t                <\/a>\n\t\t    \t    <\/div>\n<div class=\"post_content_wrapper\">\n<div class=\"post_header grid\">\n<div class=\"post_detail single_post\">\n\t\t\t\t    <span class=\"post_info_date\"><br \/>\n\t\t\t\t    \t<a href=\"https:\/\/levillagebalinais.com\/index.php\/2024\/10\/24\/seances-de-massage-en-duo-a-paris-reservez-vos-places\/\" title=\"S\u00e9ances de massage  en duo \u00e0 Paris: R\u00e9servez vos places!\">24 octobre 2024<\/a><br \/>\n\t\t\t\t    <\/span>\n\t\t\t\t<\/div>\n<h6><a href=\"https:\/\/levillagebalinais.com\/index.php\/2024\/10\/24\/seances-de-massage-en-duo-a-paris-reservez-vos-places\/\" title=\"S\u00e9ances de massage  en duo \u00e0 Paris: R\u00e9servez vos places!\">S\u00e9ances de massage  en duo \u00e0 Paris: R\u00e9servez vos places!<\/a><\/h6>\n<\/p><\/div>\n<div class=\"post_header_wrapper\">\n<div class=\"post_button_wrapper\">\n\t\t\t    \t<a class=\"readmore\" href=\"https:\/\/levillagebalinais.com\/index.php\/2024\/10\/24\/seances-de-massage-en-duo-a-paris-reservez-vos-places\/\">Read More<span class=\"ti-angle-right\"><\/span><\/a>\n\t\t\t\t\t<\/div>\n<\/p><\/div>\n<\/div><\/div>\n<\/p><\/div>\n<\/div>\n<\/div>\n<\/div>\n<\/div>\n<\/div>\n<\/div>\n","protected":false},"excerpt":{"rendered":"<p>Ruth Indiathi Evaluation Creambath Special Coiffure Femme Actuelle 2004 Evaluation du traitement de la chevelure Chemistry de Redken associ\u00e9 au Creambath, massage du cuir chevelu d&rsquo;Indon\u00e9sie : Un soin de la chevelure profond\u00e9ment relaxant orchestr\u00e9e par Ruth Indiathi chez Marc [&hellip;]<\/p>\n","protected":false},"author":1,"featured_media":5060,"parent":3511,"menu_order":0,"comment_status":"closed","ping_status":"closed","template":"","meta":{"_monsterinsights_skip_tracking":false,"_monsterinsights_sitenote_active":false,"_monsterinsights_sitenote_note":"","_monsterinsights_sitenote_category":0,"footnotes":""},"class_list":["post-4352","page","type-page","status-publish","has-post-thumbnail","hentry"],"_links":{"self":[{"href":"https:\/\/levillagebalinais.com\/index.php\/wp-json\/wp\/v2\/pages\/4352","targetHints":{"allow":["GET"]}}],"collection":[{"href":"https:\/\/levillagebalinais.com\/index.php\/wp-json\/wp\/v2\/pages"}],"about":[{"href":"https:\/\/levillagebalinais.com\/index.php\/wp-json\/wp\/v2\/types\/page"}],"author":[{"embeddable":true,"href":"https:\/\/levillagebalinais.com\/index.php\/wp-json\/wp\/v2\/users\/1"}],"replies":[{"embeddable":true,"href":"https:\/\/levillagebalinais.com\/index.php\/wp-json\/wp\/v2\/comments?post=4352"}],"version-history":[{"count":126,"href":"https:\/\/levillagebalinais.com\/index.php\/wp-json\/wp\/v2\/pages\/4352\/revisions"}],"predecessor-version":[{"id":7225,"href":"https:\/\/levillagebalinais.com\/index.php\/wp-json\/wp\/v2\/pages\/4352\/revisions\/7225"}],"up":[{"embeddable":true,"href":"https:\/\/levillagebalinais.com\/index.php\/wp-json\/wp\/v2\/pages\/3511"}],"wp:featuredmedia":[{"embeddable":true,"href":"https:\/\/levillagebalinais.com\/index.php\/wp-json\/wp\/v2\/media\/5060"}],"wp:attachment":[{"href":"https:\/\/levillagebalinais.com\/index.php\/wp-json\/wp\/v2\/media?parent=4352"}],"curies":[{"name":"wp","href":"https:\/\/api.w.org\/{rel}","templated":true}]}}